{"id":48,"date":"2023-06-11T14:33:02","date_gmt":"2023-06-11T14:33:02","guid":{"rendered":"http:\/\/neu.interkulturelle-mediation.de\/?page_id=48"},"modified":"2025-02-10T11:36:28","modified_gmt":"2025-02-10T11:36:28","slug":"our-clients","status":"publish","type":"page","link":"https:\/\/interkulturelle-mediation.de\/de\/our-clients\/","title":{"rendered":"Unsere Kunden"},"content":{"rendered":"<div data-elementor-type=\"wp-page\" data-elementor-id=\"48\" class=\"elementor elementor-48\" data-elementor-settings=\"{&quot;ha_cmc_init_switcher&quot;:&quot;no&quot;}\">\n\t\t\t\t<div class=\"elementor-element elementor-element-3bc8088 e-flex e-con-boxed e-con e-parent\" data-id=\"3bc8088\" data-element_type=\"container\" data-e-type=\"container\" data-settings=\"{&quot;background_background&quot;:&quot;classic&quot;,&quot;_ha_eqh_enable&quot;:false}\">\n\t\t\t\t\t<div class=\"e-con-inner\">\n\t\t\t\t<div class=\"elementor-element elementor-element-2937233 elementor-widget elementor-widget-spacer\" data-id=\"2937233\" data-element_type=\"widget\" data-e-type=\"widget\" data-widget_type=\"spacer.default\">\n\t\t\t\t<div class=\"elementor-widget-container\">\n\t\t\t\t\t\t\t<div class=\"elementor-spacer\">\n\t\t\t<div class=\"elementor-spacer-inner\"><\/div>\n\t\t<\/div>\n\t\t\t\t\t\t<\/div>\n\t\t\t\t<\/div>\n\t\t\t\t\t<\/div>\n\t\t\t\t<\/div>\n\t\t<div class=\"elementor-element elementor-element-ae209c7 e-con-full e-flex e-con e-parent\" data-id=\"ae209c7\" data-element_type=\"container\" data-e-type=\"container\" data-settings=\"{&quot;background_background&quot;:&quot;classic&quot;,&quot;_ha_eqh_enable&quot;:false}\">\n\t\t<div class=\"elementor-element elementor-element-ef6592a animated-slow e-flex e-con-boxed elementor-invisible e-con e-child\" data-id=\"ef6592a\" data-element_type=\"container\" data-e-type=\"container\" data-settings=\"{&quot;animation&quot;:&quot;fadeIn&quot;,&quot;_ha_eqh_enable&quot;:false}\">\n\t\t\t\t\t<div class=\"e-con-inner\">\n\t\t\t\t<div class=\"elementor-element elementor-element-dbd4212 elementor-widget elementor-widget-heading\" data-id=\"dbd4212\" data-element_type=\"widget\" data-e-type=\"widget\" data-widget_type=\"heading.default\">\n\t\t\t\t<div class=\"elementor-widget-container\">\n\t\t\t\t\t<p class=\"elementor-heading-title elementor-size-default\">Was unsere Kunden sagen<\/p>\t\t\t\t<\/div>\n\t\t\t\t<\/div>\n\t\t\t\t\t<\/div>\n\t\t\t\t<\/div>\n\t\t\t\t<\/div>\n\t\t<div class=\"elementor-element elementor-element-fb32429 e-con-full e-flex e-con e-parent\" data-id=\"fb32429\" data-element_type=\"container\" data-e-type=\"container\" data-settings=\"{&quot;_ha_eqh_enable&quot;:false}\">\n\t\t<div class=\"elementor-element elementor-element-223a7da e-con-full e-flex e-con e-child\" data-id=\"223a7da\" data-element_type=\"container\" data-e-type=\"container\" data-settings=\"{&quot;_ha_eqh_enable&quot;:false}\">\n\t\t<div class=\"elementor-element elementor-element-250e03f e-flex e-con-boxed e-con e-child\" data-id=\"250e03f\" data-element_type=\"container\" data-e-type=\"container\" data-settings=\"{&quot;_ha_eqh_enable&quot;:false}\">\n\t\t\t\t\t<div class=\"e-con-inner\">\n\t\t<div class=\"elementor-element elementor-element-a9dd53d elementor-hidden-mobile e-flex e-con-boxed e-con e-child\" data-id=\"a9dd53d\" data-element_type=\"container\" data-e-type=\"container\" data-settings=\"{&quot;_ha_eqh_enable&quot;:false}\">\n\t\t\t\t\t<div class=\"e-con-inner\">\n\t\t\t\t<div class=\"elementor-element elementor-element-5560385 elementor-view-stacked elementor-shape-circle elementor-widget elementor-widget-icon\" data-id=\"5560385\" data-element_type=\"widget\" data-e-type=\"widget\" data-widget_type=\"icon.default\">\n\t\t\t\t<div class=\"elementor-widget-container\">\n\t\t\t\t\t\t\t<div class=\"elementor-icon-wrapper\">\n\t\t\t<div class=\"elementor-icon elementor-animation-grow-rotate\">\n\t\t\t<i aria-hidden=\"true\" class=\"fas fa-quote-left\"><\/i>\t\t\t<\/div>\n\t\t<\/div>\n\t\t\t\t\t\t<\/div>\n\t\t\t\t<\/div>\n\t\t\t\t\t<\/div>\n\t\t\t\t<\/div>\n\t\t<div class=\"elementor-element elementor-element-65b8fd2 e-flex e-con-boxed e-con e-child\" data-id=\"65b8fd2\" data-element_type=\"container\" data-e-type=\"container\" data-settings=\"{&quot;_ha_eqh_enable&quot;:false}\">\n\t\t\t\t\t<div class=\"e-con-inner\">\n\t\t\t\t<div class=\"elementor-element elementor-element-57a226d elementor-widget elementor-widget-text-editor\" data-id=\"57a226d\" data-element_type=\"widget\" data-e-type=\"widget\" data-widget_type=\"text-editor.default\">\n\t\t\t\t<div class=\"elementor-widget-container\">\n\t\t\t\t\t\t\t\t\t<p>\"Claude realisiert in Kooperation mit der Katholischen Erwachsenenbildung seit vielen Jahren interkulturelle Mediationsausbildungen. Ihre au\u00dferordentlichen interkulturellen Kompetenzen, ihr hohe Professionalit\u00e4t, ihre methodischen F\u00e4higkeiten haben uns als Veranstalter und die Teilnehmenden ebenso stets begeistert wie Ihre Zugewandtheit und ihre Philanthropie.\"<\/p>\t\t\t\t\t\t\t\t<\/div>\n\t\t\t\t<\/div>\n\t\t\t\t<div class=\"elementor-element elementor-element-366818f elementor-widget elementor-widget-text-editor\" data-id=\"366818f\" data-element_type=\"widget\" data-e-type=\"widget\" data-widget_type=\"text-editor.default\">\n\t\t\t\t<div class=\"elementor-widget-container\">\n\t\t\t\t\t\t\t\t\t<p>\u2013 Elisabeth, Elisabeth, Gesch\u00e4ftsf\u00fchrerin, KEB Rheinland-Pfalz, Deutschland<\/p>\t\t\t\t\t\t\t\t<\/div>\n\t\t\t\t<\/div>\n\t\t\t\t\t<\/div>\n\t\t\t\t<\/div>\n\t\t\t\t\t<\/div>\n\t\t\t\t<\/div>\n\t\t\t\t<div class=\"elementor-element elementor-element-e1a2c69 elementor-widget-divider--view-line_icon elementor-view-default elementor-widget-divider--element-align-center elementor-widget elementor-widget-divider\" data-id=\"e1a2c69\" data-element_type=\"widget\" data-e-type=\"widget\" data-widget_type=\"divider.default\">\n\t\t\t\t<div class=\"elementor-widget-container\">\n\t\t\t\t\t\t\t<div class=\"elementor-divider\">\n\t\t\t<span class=\"elementor-divider-separator\">\n\t\t\t\t\t\t\t<div class=\"elementor-icon elementor-divider__element\">\n\t\t\t\t\t<i aria-hidden=\"true\" class=\"fas fa-quote-right\"><\/i><\/div>\n\t\t\t\t\t\t<\/span>\n\t\t<\/div>\n\t\t\t\t\t\t<\/div>\n\t\t\t\t<\/div>\n\t\t<div class=\"elementor-element elementor-element-fa5be56 e-flex e-con-boxed e-con e-child\" data-id=\"fa5be56\" data-element_type=\"container\" data-e-type=\"container\" data-settings=\"{&quot;_ha_eqh_enable&quot;:false}\">\n\t\t\t\t\t<div class=\"e-con-inner\">\n\t\t<div class=\"elementor-element elementor-element-754485e e-flex e-con-boxed e-con e-child\" data-id=\"754485e\" data-element_type=\"container\" data-e-type=\"container\" data-settings=\"{&quot;_ha_eqh_enable&quot;:false}\">\n\t\t\t\t\t<div class=\"e-con-inner\">\n\t\t\t\t<div class=\"elementor-element elementor-element-d3de011 elementor-widget elementor-widget-text-editor\" data-id=\"d3de011\" data-element_type=\"widget\" data-e-type=\"widget\" data-widget_type=\"text-editor.default\">\n\t\t\t\t<div class=\"elementor-widget-container\">\n\t\t\t\t\t\t\t\t\t<p>\"Ihr F\u00fchrungstraining war sehr wertvoll f\u00fcr meine Arbeit als Gesch\u00e4ftsf\u00fchrer in Texas sowie f\u00fcr meine Gesch\u00e4ftsreisen auf dem afrikanischen Kontinent. Es hat Spa\u00df gemacht und war sehr informativ und wichtig f\u00fcr die Entwicklung meiner pers\u00f6nlichen F\u00e4higkeiten. Man sp\u00fcrt einfach, dass Sie lieben, was Sie tun! Nochmals vielen Dank.\"<\/p>\t\t\t\t\t\t\t\t<\/div>\n\t\t\t\t<\/div>\n\t\t\t\t<div class=\"elementor-element elementor-element-bf8baf3 elementor-widget elementor-widget-text-editor\" data-id=\"bf8baf3\" data-element_type=\"widget\" data-e-type=\"widget\" data-widget_type=\"text-editor.default\">\n\t\t\t\t<div class=\"elementor-widget-container\">\n\t\t\t\t\t\t\t\t\t<p>\u2013 Dean, President, Pre.Phylee Corp., Houston, Texas<\/p>\t\t\t\t\t\t\t\t<\/div>\n\t\t\t\t<\/div>\n\t\t\t\t\t<\/div>\n\t\t\t\t<\/div>\n\t\t<div class=\"elementor-element elementor-element-a3acfdb elementor-hidden-mobile e-flex e-con-boxed e-con e-child\" data-id=\"a3acfdb\" data-element_type=\"container\" data-e-type=\"container\" data-settings=\"{&quot;_ha_eqh_enable&quot;:false}\">\n\t\t\t\t\t<div class=\"e-con-inner\">\n\t\t\t\t<div class=\"elementor-element elementor-element-744b7be elementor-view-stacked elementor-shape-circle elementor-widget elementor-widget-icon\" data-id=\"744b7be\" data-element_type=\"widget\" data-e-type=\"widget\" data-widget_type=\"icon.default\">\n\t\t\t\t<div class=\"elementor-widget-container\">\n\t\t\t\t\t\t\t<div class=\"elementor-icon-wrapper\">\n\t\t\t<div class=\"elementor-icon elementor-animation-grow-rotate\">\n\t\t\t<i aria-hidden=\"true\" class=\"fas fa-quote-left\"><\/i>\t\t\t<\/div>\n\t\t<\/div>\n\t\t\t\t\t\t<\/div>\n\t\t\t\t<\/div>\n\t\t\t\t\t<\/div>\n\t\t\t\t<\/div>\n\t\t\t\t\t<\/div>\n\t\t\t\t<\/div>\n\t\t\t\t<\/div>\n\t\t\t\t<div class=\"elementor-element elementor-element-c8c3a5a elementor-widget-divider--view-line_icon elementor-view-default elementor-widget-divider--element-align-center elementor-widget elementor-widget-divider\" data-id=\"c8c3a5a\" data-element_type=\"widget\" data-e-type=\"widget\" data-widget_type=\"divider.default\">\n\t\t\t\t<div class=\"elementor-widget-container\">\n\t\t\t\t\t\t\t<div class=\"elementor-divider\">\n\t\t\t<span class=\"elementor-divider-separator\">\n\t\t\t\t\t\t\t<div class=\"elementor-icon elementor-divider__element\">\n\t\t\t\t\t<i aria-hidden=\"true\" class=\"fas fa-quote-right\"><\/i><\/div>\n\t\t\t\t\t\t<\/span>\n\t\t<\/div>\n\t\t\t\t\t\t<\/div>\n\t\t\t\t<\/div>\n\t\t<div class=\"elementor-element elementor-element-05707f8 e-flex e-con-boxed e-con e-child\" data-id=\"05707f8\" data-element_type=\"container\" data-e-type=\"container\" data-settings=\"{&quot;_ha_eqh_enable&quot;:false}\">\n\t\t\t\t\t<div class=\"e-con-inner\">\n\t\t<div class=\"elementor-element elementor-element-89c6ed0 elementor-hidden-mobile e-flex e-con-boxed e-con e-child\" data-id=\"89c6ed0\" data-element_type=\"container\" data-e-type=\"container\" data-settings=\"{&quot;_ha_eqh_enable&quot;:false}\">\n\t\t\t\t\t<div class=\"e-con-inner\">\n\t\t\t\t<div class=\"elementor-element elementor-element-8e9c6c0 elementor-view-stacked elementor-shape-circle elementor-widget elementor-widget-icon\" data-id=\"8e9c6c0\" data-element_type=\"widget\" data-e-type=\"widget\" data-widget_type=\"icon.default\">\n\t\t\t\t<div class=\"elementor-widget-container\">\n\t\t\t\t\t\t\t<div class=\"elementor-icon-wrapper\">\n\t\t\t<div class=\"elementor-icon elementor-animation-grow-rotate\">\n\t\t\t<i aria-hidden=\"true\" class=\"fas fa-quote-left\"><\/i>\t\t\t<\/div>\n\t\t<\/div>\n\t\t\t\t\t\t<\/div>\n\t\t\t\t<\/div>\n\t\t\t\t\t<\/div>\n\t\t\t\t<\/div>\n\t\t<div class=\"elementor-element elementor-element-581d38b e-flex e-con-boxed e-con e-child\" data-id=\"581d38b\" data-element_type=\"container\" data-e-type=\"container\" data-settings=\"{&quot;_ha_eqh_enable&quot;:false}\">\n\t\t\t\t\t<div class=\"e-con-inner\">\n\t\t\t\t<div class=\"elementor-element elementor-element-437e212 elementor-widget elementor-widget-text-editor\" data-id=\"437e212\" data-element_type=\"widget\" data-e-type=\"widget\" data-widget_type=\"text-editor.default\">\n\t\t\t\t<div class=\"elementor-widget-container\">\n\t\t\t\t\t\t\t\t\t<p>\"Frau Mayer hat uns als Familie in einer Kombination von interkulturellem Training und Coaching geholfen den \u00dcbergang von Deutschland nach S\u00fcdafrika erfolgreich zu gestalten, sei es die Implikationen des s\u00fcdafrikanischen Umfelds in der Arbeitswelt zu verstehen, einen frischen Blick auf Perspektiven f\u00fcr eine pers\u00f6nliche Weiterentwicklung in einem neuen Umfeld, oder wie wir als Familie gemeinsam in einem f\u00fcr uns neuen Land gut ankommen.\"<\/p>\t\t\t\t\t\t\t\t<\/div>\n\t\t\t\t<\/div>\n\t\t\t\t<div class=\"elementor-element elementor-element-ef6879e elementor-widget elementor-widget-text-editor\" data-id=\"ef6879e\" data-element_type=\"widget\" data-e-type=\"widget\" data-widget_type=\"text-editor.default\">\n\t\t\t\t<div class=\"elementor-widget-container\">\n\t\t\t\t\t\t\t\t\t<p>\u2013 Walter, Member of the Executive Committee of Munich Re of Africa<\/p>\t\t\t\t\t\t\t\t<\/div>\n\t\t\t\t<\/div>\n\t\t\t\t\t<\/div>\n\t\t\t\t<\/div>\n\t\t\t\t\t<\/div>\n\t\t\t\t<\/div>\n\t\t\t\t<div class=\"elementor-element elementor-element-6afb971 elementor-widget-divider--view-line_icon elementor-view-default elementor-widget-divider--element-align-center elementor-widget elementor-widget-divider\" data-id=\"6afb971\" data-element_type=\"widget\" data-e-type=\"widget\" data-widget_type=\"divider.default\">\n\t\t\t\t<div class=\"elementor-widget-container\">\n\t\t\t\t\t\t\t<div class=\"elementor-divider\">\n\t\t\t<span class=\"elementor-divider-separator\">\n\t\t\t\t\t\t\t<div class=\"elementor-icon elementor-divider__element\">\n\t\t\t\t\t<i aria-hidden=\"true\" class=\"fas fa-quote-right\"><\/i><\/div>\n\t\t\t\t\t\t<\/span>\n\t\t<\/div>\n\t\t\t\t\t\t<\/div>\n\t\t\t\t<\/div>\n\t\t<div class=\"elementor-element elementor-element-a98bfae e-flex e-con-boxed e-con e-child\" data-id=\"a98bfae\" data-element_type=\"container\" data-e-type=\"container\" data-settings=\"{&quot;_ha_eqh_enable&quot;:false}\">\n\t\t\t\t\t<div class=\"e-con-inner\">\n\t\t<div class=\"elementor-element elementor-element-489b83b e-flex e-con-boxed e-con e-child\" data-id=\"489b83b\" data-element_type=\"container\" data-e-type=\"container\" data-settings=\"{&quot;_ha_eqh_enable&quot;:false}\">\n\t\t\t\t\t<div class=\"e-con-inner\">\n\t\t\t\t<div class=\"elementor-element elementor-element-2b240bd elementor-widget elementor-widget-text-editor\" data-id=\"2b240bd\" data-element_type=\"widget\" data-e-type=\"widget\" data-widget_type=\"text-editor.default\">\n\t\t\t\t<div class=\"elementor-widget-container\">\n\t\t\t\t\t\t\t\t\t<p>\"Claude-H\u00e9l\u00e8ne Mayer hat f\u00fcr unsere verschiedenen Zielgruppen passgenaue und innovative Seminare, Workshops, Coachings und Inputs entwickelt und durchgef\u00fchrt. Die Teilnehmenden sind stets begeistert von ihr und wir als Organisationsteam sch\u00e4tzen die wunderbare Zusammenarbeit.\"<\/p>\t\t\t\t\t\t\t\t<\/div>\n\t\t\t\t<\/div>\n\t\t\t\t<div class=\"elementor-element elementor-element-73f3471 elementor-widget elementor-widget-text-editor\" data-id=\"73f3471\" data-element_type=\"widget\" data-e-type=\"widget\" data-widget_type=\"text-editor.default\">\n\t\t\t\t<div class=\"elementor-widget-container\">\n\t\t\t\t\t\t\t\t\t<p>\u2013 Projektteam und Leitung, Organisation, Berlin<\/p>\t\t\t\t\t\t\t\t<\/div>\n\t\t\t\t<\/div>\n\t\t\t\t\t<\/div>\n\t\t\t\t<\/div>\n\t\t<div class=\"elementor-element elementor-element-4322d79 elementor-hidden-mobile e-flex e-con-boxed e-con e-child\" data-id=\"4322d79\" data-element_type=\"container\" data-e-type=\"container\" data-settings=\"{&quot;_ha_eqh_enable&quot;:false}\">\n\t\t\t\t\t<div class=\"e-con-inner\">\n\t\t\t\t<div class=\"elementor-element elementor-element-a672b01 elementor-view-stacked elementor-shape-circle elementor-widget elementor-widget-icon\" data-id=\"a672b01\" data-element_type=\"widget\" data-e-type=\"widget\" data-widget_type=\"icon.default\">\n\t\t\t\t<div class=\"elementor-widget-container\">\n\t\t\t\t\t\t\t<div class=\"elementor-icon-wrapper\">\n\t\t\t<div class=\"elementor-icon elementor-animation-grow-rotate\">\n\t\t\t<i aria-hidden=\"true\" class=\"fas fa-quote-left\"><\/i>\t\t\t<\/div>\n\t\t<\/div>\n\t\t\t\t\t\t<\/div>\n\t\t\t\t<\/div>\n\t\t\t\t\t<\/div>\n\t\t\t\t<\/div>\n\t\t\t\t\t<\/div>\n\t\t\t\t<\/div>\n\t\t\t\t<div class=\"elementor-element elementor-element-bab8c52 elementor-widget-divider--view-line_icon elementor-view-default elementor-widget-divider--element-align-center elementor-widget elementor-widget-divider\" data-id=\"bab8c52\" data-element_type=\"widget\" data-e-type=\"widget\" data-widget_type=\"divider.default\">\n\t\t\t\t<div class=\"elementor-widget-container\">\n\t\t\t\t\t\t\t<div class=\"elementor-divider\">\n\t\t\t<span class=\"elementor-divider-separator\">\n\t\t\t\t\t\t\t<div class=\"elementor-icon elementor-divider__element\">\n\t\t\t\t\t<i aria-hidden=\"true\" class=\"fas fa-quote-right\"><\/i><\/div>\n\t\t\t\t\t\t<\/span>\n\t\t<\/div>\n\t\t\t\t\t\t<\/div>\n\t\t\t\t<\/div>\n\t\t<div class=\"elementor-element elementor-element-4e3279a e-flex e-con-boxed e-con e-child\" data-id=\"4e3279a\" data-element_type=\"container\" data-e-type=\"container\" data-settings=\"{&quot;_ha_eqh_enable&quot;:false}\">\n\t\t\t\t\t<div class=\"e-con-inner\">\n\t\t<div class=\"elementor-element elementor-element-0b6a4c9 elementor-hidden-mobile e-flex e-con-boxed e-con e-child\" data-id=\"0b6a4c9\" data-element_type=\"container\" data-e-type=\"container\" data-settings=\"{&quot;_ha_eqh_enable&quot;:false}\">\n\t\t\t\t\t<div class=\"e-con-inner\">\n\t\t\t\t<div class=\"elementor-element elementor-element-e906182 elementor-view-stacked elementor-shape-circle elementor-widget elementor-widget-icon\" data-id=\"e906182\" data-element_type=\"widget\" data-e-type=\"widget\" data-widget_type=\"icon.default\">\n\t\t\t\t<div class=\"elementor-widget-container\">\n\t\t\t\t\t\t\t<div class=\"elementor-icon-wrapper\">\n\t\t\t<div class=\"elementor-icon elementor-animation-grow-rotate\">\n\t\t\t<i aria-hidden=\"true\" class=\"fas fa-quote-left\"><\/i>\t\t\t<\/div>\n\t\t<\/div>\n\t\t\t\t\t\t<\/div>\n\t\t\t\t<\/div>\n\t\t\t\t\t<\/div>\n\t\t\t\t<\/div>\n\t\t<div class=\"elementor-element elementor-element-3bc57d6 e-flex e-con-boxed e-con e-child\" data-id=\"3bc57d6\" data-element_type=\"container\" data-e-type=\"container\" data-settings=\"{&quot;_ha_eqh_enable&quot;:false}\">\n\t\t\t\t\t<div class=\"e-con-inner\">\n\t\t\t\t<div class=\"elementor-element elementor-element-36c728d elementor-widget elementor-widget-text-editor\" data-id=\"36c728d\" data-element_type=\"widget\" data-e-type=\"widget\" data-widget_type=\"text-editor.default\">\n\t\t\t\t<div class=\"elementor-widget-container\">\n\t\t\t\t\t\t\t\t\t<p>\"Claude vereinte alle F\u00e4higkeiten, die man braucht, um ein hochprofessionelles interkulturelles Training in einer Online-Lernumgebung durchzuf\u00fchren. Sie war sehr gut vorbereitet und dar\u00fcber hinaus flexibel genug, um auf meine pers\u00f6nlichen Themen einzugehen. Ihre Erfahrungen und Einsichten mit mir in einer sehr offenen, pers\u00f6nlichen und emphatischen Art zu teilen, hat mich sehr beeindruckt. Jetzt f\u00fchle ich mich gut vorbereitet f\u00fcr mein S\u00fcdafrika-Abenteuer. Herzlichen Dank!\"<\/p>\t\t\t\t\t\t\t\t<\/div>\n\t\t\t\t<\/div>\n\t\t\t\t<div class=\"elementor-element elementor-element-af145f0 elementor-widget elementor-widget-text-editor\" data-id=\"af145f0\" data-element_type=\"widget\" data-e-type=\"widget\" data-widget_type=\"text-editor.default\">\n\t\t\t\t<div class=\"elementor-widget-container\">\n\t\t\t\t\t\t\t\t\t<p>\u2013 Brigitta, Executive Coach, Stuttgart<\/p>\t\t\t\t\t\t\t\t<\/div>\n\t\t\t\t<\/div>\n\t\t\t\t\t<\/div>\n\t\t\t\t<\/div>\n\t\t\t\t\t<\/div>\n\t\t\t\t<\/div>\n\t\t\t\t<div class=\"elementor-element elementor-element-ee92ea3 elementor-widget-divider--view-line elementor-widget elementor-widget-divider\" data-id=\"ee92ea3\" data-element_type=\"widget\" data-e-type=\"widget\" data-widget_type=\"divider.default\">\n\t\t\t\t<div class=\"elementor-widget-container\">\n\t\t\t\t\t\t\t<div class=\"elementor-divider\">\n\t\t\t<span class=\"elementor-divider-separator\">\n\t\t\t\t\t\t<\/span>\n\t\t<\/div>\n\t\t\t\t\t\t<\/div>\n\t\t\t\t<\/div>\n\t\t\t\t<div class=\"elementor-element elementor-element-e3da37c elementor-widget elementor-widget-heading\" data-id=\"e3da37c\" data-element_type=\"widget\" data-e-type=\"widget\" data-widget_type=\"heading.default\">\n\t\t\t\t<div class=\"elementor-widget-container\">\n\t\t\t\t\t<h3 class=\"elementor-heading-title elementor-size-default\">\"Alone we can do so little, together we can do so much.\"<\/h3>\t\t\t\t<\/div>\n\t\t\t\t<\/div>\n\t\t\t\t<div class=\"elementor-element elementor-element-ee0f24b elementor-widget elementor-widget-text-editor\" data-id=\"ee0f24b\" data-element_type=\"widget\" data-e-type=\"widget\" data-widget_type=\"text-editor.default\">\n\t\t\t\t<div class=\"elementor-widget-container\">\n\t\t\t\t\t\t\t\t\t<p>\u2013 Helen Keller<\/p>\t\t\t\t\t\t\t\t<\/div>\n\t\t\t\t<\/div>\n\t\t\t\t<div class=\"elementor-element elementor-element-2187cea elementor-widget-divider--view-line elementor-widget elementor-widget-divider\" data-id=\"2187cea\" data-element_type=\"widget\" data-e-type=\"widget\" data-widget_type=\"divider.default\">\n\t\t\t\t<div class=\"elementor-widget-container\">\n\t\t\t\t\t\t\t<div class=\"elementor-divider\">\n\t\t\t<span class=\"elementor-divider-separator\">\n\t\t\t\t\t\t<\/span>\n\t\t<\/div>\n\t\t\t\t\t\t<\/div>\n\t\t\t\t<\/div>\n\t\t\t\t<\/div>\n\t\t<div class=\"elementor-element elementor-element-f95d0de e-flex e-con-boxed e-con e-parent\" data-id=\"f95d0de\" data-element_type=\"container\" data-e-type=\"container\" data-settings=\"{&quot;_ha_eqh_enable&quot;:false}\">\n\t\t\t\t\t<div class=\"e-con-inner\">\n\t\t\t\t<div class=\"elementor-element elementor-element-2225ff6 elementor-widget elementor-widget-heading\" data-id=\"2225ff6\" data-element_type=\"widget\" data-e-type=\"widget\" data-widget_type=\"heading.default\">\n\t\t\t\t<div class=\"elementor-widget-container\">\n\t\t\t\t\t<h2 class=\"elementor-heading-title elementor-size-default\">Zu unseren Kunden geh\u00f6rten bisher...<\/h2>\t\t\t\t<\/div>\n\t\t\t\t<\/div>\n\t\t\t\t<div class=\"elementor-element elementor-element-f3b12c0 elementor-arrows-position-outside elementor-pagination-position-outside elementor-widget elementor-widget-image-carousel\" data-id=\"f3b12c0\" data-element_type=\"widget\" data-e-type=\"widget\" data-settings=\"{&quot;slides_to_show&quot;:&quot;5&quot;,&quot;slides_to_scroll&quot;:&quot;5&quot;,&quot;image_spacing_custom&quot;:{&quot;unit&quot;:&quot;px&quot;,&quot;size&quot;:50,&quot;sizes&quot;:[]},&quot;slides_to_show_tablet&quot;:&quot;5&quot;,&quot;slides_to_show_mobile&quot;:&quot;2&quot;,&quot;slides_to_scroll_mobile&quot;:&quot;2&quot;,&quot;navigation&quot;:&quot;both&quot;,&quot;autoplay&quot;:&quot;yes&quot;,&quot;pause_on_hover&quot;:&quot;yes&quot;,&quot;pause_on_interaction&quot;:&quot;yes&quot;,&quot;autoplay_speed&quot;:5000,&quot;infinite&quot;:&quot;yes&quot;,&quot;speed&quot;:500,&quot;image_spacing_custom_tablet&quot;:{&quot;unit&quot;:&quot;px&quot;,&quot;size&quot;:&quot;&quot;,&quot;sizes&quot;:[]},&quot;image_spacing_custom_mobile&quot;:{&quot;unit&quot;:&quot;px&quot;,&quot;size&quot;:&quot;&quot;,&quot;sizes&quot;:[]}}\" data-widget_type=\"image-carousel.default\">\n\t\t\t\t<div class=\"elementor-widget-container\">\n\t\t\t\t\t\t\t<div class=\"elementor-image-carousel-wrapper swiper\" role=\"region\" aria-roledescription=\"carousel\" aria-label=\"Bild Karussell\" dir=\"ltr\">\n\t\t\t<div class=\"elementor-image-carousel swiper-wrapper\" aria-live=\"off\">\n\t\t\t\t\t\t\t\t<div class=\"swiper-slide\" role=\"group\" aria-roledescription=\"slide\" aria-label=\"1 von 68\"><figure class=\"swiper-slide-inner\"><img decoding=\"async\" class=\"swiper-slide-image\" src=\"https:\/\/interkulturelle-mediation.de\/wp-content\/uploads\/2023\/07\/image81.jpg\" alt=\"image81\" \/><\/figure><\/div><div class=\"swiper-slide\" role=\"group\" aria-roledescription=\"slide\" aria-label=\"2 von 68\"><figure class=\"swiper-slide-inner\"><img decoding=\"async\" class=\"swiper-slide-image\" src=\"https:\/\/interkulturelle-mediation.de\/wp-content\/uploads\/2023\/07\/image76.jpg\" alt=\"image76\" \/><\/figure><\/div><div class=\"swiper-slide\" role=\"group\" aria-roledescription=\"slide\" aria-label=\"3 von 68\"><figure class=\"swiper-slide-inner\"><img decoding=\"async\" class=\"swiper-slide-image\" src=\"https:\/\/interkulturelle-mediation.de\/wp-content\/uploads\/2023\/07\/image80.jpg\" alt=\"image80\" \/><\/figure><\/div><div class=\"swiper-slide\" role=\"group\" aria-roledescription=\"slide\" aria-label=\"4 von 68\"><figure class=\"swiper-slide-inner\"><img decoding=\"async\" class=\"swiper-slide-image\" src=\"https:\/\/interkulturelle-mediation.de\/wp-content\/uploads\/2023\/07\/image53.jpg\" alt=\"image53\" \/><\/figure><\/div><div class=\"swiper-slide\" role=\"group\" aria-roledescription=\"slide\" aria-label=\"5 von 68\"><figure class=\"swiper-slide-inner\"><img decoding=\"async\" class=\"swiper-slide-image\" src=\"https:\/\/interkulturelle-mediation.de\/wp-content\/uploads\/2023\/07\/image54.jpg\" alt=\"image54\" \/><\/figure><\/div><div class=\"swiper-slide\" role=\"group\" aria-roledescription=\"slide\" aria-label=\"6 von 68\"><figure class=\"swiper-slide-inner\"><img decoding=\"async\" class=\"swiper-slide-image\" src=\"https:\/\/interkulturelle-mediation.de\/wp-content\/uploads\/2023\/07\/image48.jpg\" alt=\"image48\" \/><\/figure><\/div><div class=\"swiper-slide\" role=\"group\" aria-roledescription=\"slide\" aria-label=\"7 von 68\"><figure class=\"swiper-slide-inner\"><img decoding=\"async\" class=\"swiper-slide-image\" src=\"https:\/\/interkulturelle-mediation.de\/wp-content\/uploads\/2023\/07\/image45.jpg\" alt=\"image45\" \/><\/figure><\/div><div class=\"swiper-slide\" role=\"group\" aria-roledescription=\"slide\" aria-label=\"8 von 68\"><figure class=\"swiper-slide-inner\"><img decoding=\"async\" class=\"swiper-slide-image\" src=\"https:\/\/interkulturelle-mediation.de\/wp-content\/uploads\/2023\/07\/image38.jpg\" alt=\"image38\" \/><\/figure><\/div><div class=\"swiper-slide\" role=\"group\" aria-roledescription=\"slide\" aria-label=\"9 von 68\"><figure class=\"swiper-slide-inner\"><img decoding=\"async\" class=\"swiper-slide-image\" src=\"https:\/\/interkulturelle-mediation.de\/wp-content\/uploads\/2023\/07\/image43.jpg\" alt=\"image43\" \/><\/figure><\/div><div class=\"swiper-slide\" role=\"group\" aria-roledescription=\"slide\" aria-label=\"10 von 68\"><figure class=\"swiper-slide-inner\"><img decoding=\"async\" class=\"swiper-slide-image\" src=\"https:\/\/interkulturelle-mediation.de\/wp-content\/uploads\/2023\/07\/image63.jpg\" alt=\"image63\" \/><\/figure><\/div><div class=\"swiper-slide\" role=\"group\" aria-roledescription=\"slide\" aria-label=\"11 von 68\"><figure class=\"swiper-slide-inner\"><img decoding=\"async\" class=\"swiper-slide-image\" src=\"https:\/\/interkulturelle-mediation.de\/wp-content\/uploads\/2023\/07\/image83.jpg\" alt=\"image83\" \/><\/figure><\/div><div class=\"swiper-slide\" role=\"group\" aria-roledescription=\"slide\" aria-label=\"12 von 68\"><figure class=\"swiper-slide-inner\"><img decoding=\"async\" class=\"swiper-slide-image\" src=\"https:\/\/interkulturelle-mediation.de\/wp-content\/uploads\/2023\/07\/image49.jpg\" alt=\"image49\" \/><\/figure><\/div><div class=\"swiper-slide\" role=\"group\" aria-roledescription=\"slide\" aria-label=\"13 von 68\"><figure class=\"swiper-slide-inner\"><img decoding=\"async\" class=\"swiper-slide-image\" src=\"https:\/\/interkulturelle-mediation.de\/wp-content\/uploads\/2023\/07\/image42.jpg\" alt=\"image42\" \/><\/figure><\/div><div class=\"swiper-slide\" role=\"group\" aria-roledescription=\"slide\" aria-label=\"14 von 68\"><figure class=\"swiper-slide-inner\"><img decoding=\"async\" class=\"swiper-slide-image\" src=\"https:\/\/interkulturelle-mediation.de\/wp-content\/uploads\/2023\/07\/image59.jpg\" alt=\"image59\" \/><\/figure><\/div><div class=\"swiper-slide\" role=\"group\" aria-roledescription=\"slide\" aria-label=\"15 von 68\"><figure class=\"swiper-slide-inner\"><img decoding=\"async\" class=\"swiper-slide-image\" src=\"https:\/\/interkulturelle-mediation.de\/wp-content\/uploads\/2023\/07\/image50.jpg\" alt=\"image50\" \/><\/figure><\/div><div class=\"swiper-slide\" role=\"group\" aria-roledescription=\"slide\" aria-label=\"16 von 68\"><figure class=\"swiper-slide-inner\"><img decoding=\"async\" class=\"swiper-slide-image\" src=\"https:\/\/interkulturelle-mediation.de\/wp-content\/uploads\/2023\/07\/image71.jpg\" alt=\"image71\" \/><\/figure><\/div><div class=\"swiper-slide\" role=\"group\" aria-roledescription=\"slide\" aria-label=\"17 von 68\"><figure class=\"swiper-slide-inner\"><img decoding=\"async\" class=\"swiper-slide-image\" src=\"https:\/\/interkulturelle-mediation.de\/wp-content\/uploads\/2023\/07\/image79.jpg\" alt=\"image79\" \/><\/figure><\/div><div class=\"swiper-slide\" role=\"group\" aria-roledescription=\"slide\" aria-label=\"18 von 68\"><figure class=\"swiper-slide-inner\"><img decoding=\"async\" class=\"swiper-slide-image\" src=\"https:\/\/interkulturelle-mediation.de\/wp-content\/uploads\/2023\/07\/image44.jpg\" alt=\"image44\" \/><\/figure><\/div><div class=\"swiper-slide\" role=\"group\" aria-roledescription=\"slide\" aria-label=\"19 von 68\"><figure class=\"swiper-slide-inner\"><img decoding=\"async\" class=\"swiper-slide-image\" src=\"https:\/\/interkulturelle-mediation.de\/wp-content\/uploads\/2023\/07\/image56.jpg\" alt=\"image56\" \/><\/figure><\/div><div class=\"swiper-slide\" role=\"group\" aria-roledescription=\"slide\" aria-label=\"20 von 68\"><figure class=\"swiper-slide-inner\"><img decoding=\"async\" class=\"swiper-slide-image\" src=\"https:\/\/interkulturelle-mediation.de\/wp-content\/uploads\/2023\/07\/image36.jpg\" alt=\"image36\" \/><\/figure><\/div><div class=\"swiper-slide\" role=\"group\" aria-roledescription=\"slide\" aria-label=\"21 von 68\"><figure class=\"swiper-slide-inner\"><img decoding=\"async\" class=\"swiper-slide-image\" src=\"https:\/\/interkulturelle-mediation.de\/wp-content\/uploads\/2023\/07\/image51.jpg\" alt=\"image51\" \/><\/figure><\/div><div class=\"swiper-slide\" role=\"group\" aria-roledescription=\"slide\" aria-label=\"22 von 68\"><figure class=\"swiper-slide-inner\"><img decoding=\"async\" class=\"swiper-slide-image\" src=\"https:\/\/interkulturelle-mediation.de\/wp-content\/uploads\/2023\/07\/image74.jpg\" alt=\"image74\" \/><\/figure><\/div><div class=\"swiper-slide\" role=\"group\" aria-roledescription=\"slide\" aria-label=\"23 von 68\"><figure class=\"swiper-slide-inner\"><img decoding=\"async\" class=\"swiper-slide-image\" src=\"https:\/\/interkulturelle-mediation.de\/wp-content\/uploads\/2023\/07\/image60.jpg\" alt=\"image60\" \/><\/figure><\/div><div class=\"swiper-slide\" role=\"group\" aria-roledescription=\"slide\" aria-label=\"24 von 68\"><figure class=\"swiper-slide-inner\"><img decoding=\"async\" class=\"swiper-slide-image\" src=\"https:\/\/interkulturelle-mediation.de\/wp-content\/uploads\/2023\/07\/image64.jpg\" alt=\"image64\" \/><\/figure><\/div><div class=\"swiper-slide\" role=\"group\" aria-roledescription=\"slide\" aria-label=\"25 von 68\"><figure class=\"swiper-slide-inner\"><img decoding=\"async\" class=\"swiper-slide-image\" src=\"https:\/\/interkulturelle-mediation.de\/wp-content\/uploads\/2023\/07\/image35.jpg\" alt=\"image35\" \/><\/figure><\/div><div class=\"swiper-slide\" role=\"group\" aria-roledescription=\"slide\" aria-label=\"26 von 68\"><figure class=\"swiper-slide-inner\"><img decoding=\"async\" class=\"swiper-slide-image\" src=\"https:\/\/interkulturelle-mediation.de\/wp-content\/uploads\/2023\/07\/image41.jpg\" alt=\"image41\" \/><\/figure><\/div><div class=\"swiper-slide\" role=\"group\" aria-roledescription=\"slide\" aria-label=\"27 von 68\"><figure class=\"swiper-slide-inner\"><img decoding=\"async\" class=\"swiper-slide-image\" src=\"https:\/\/interkulturelle-mediation.de\/wp-content\/uploads\/2023\/07\/image47.jpg\" alt=\"image47\" \/><\/figure><\/div><div class=\"swiper-slide\" role=\"group\" aria-roledescription=\"slide\" aria-label=\"28 von 68\"><figure class=\"swiper-slide-inner\"><img decoding=\"async\" class=\"swiper-slide-image\" src=\"https:\/\/interkulturelle-mediation.de\/wp-content\/uploads\/2023\/07\/image87.jpg\" alt=\"image87\" \/><\/figure><\/div><div class=\"swiper-slide\" role=\"group\" aria-roledescription=\"slide\" aria-label=\"29 von 68\"><figure class=\"swiper-slide-inner\"><img decoding=\"async\" class=\"swiper-slide-image\" src=\"https:\/\/interkulturelle-mediation.de\/wp-content\/uploads\/2023\/07\/image37.jpg\" alt=\"image37\" \/><\/figure><\/div><div class=\"swiper-slide\" role=\"group\" aria-roledescription=\"slide\" aria-label=\"30 von 68\"><figure class=\"swiper-slide-inner\"><img decoding=\"async\" class=\"swiper-slide-image\" src=\"https:\/\/interkulturelle-mediation.de\/wp-content\/uploads\/2023\/07\/image34.jpg\" alt=\"image34\" \/><\/figure><\/div><div class=\"swiper-slide\" role=\"group\" aria-roledescription=\"slide\" aria-label=\"31 von 68\"><figure class=\"swiper-slide-inner\"><img decoding=\"async\" class=\"swiper-slide-image\" src=\"https:\/\/interkulturelle-mediation.de\/wp-content\/uploads\/2023\/07\/image33.jpg\" alt=\"image33\" \/><\/figure><\/div><div class=\"swiper-slide\" role=\"group\" aria-roledescription=\"slide\" aria-label=\"32 von 68\"><figure class=\"swiper-slide-inner\"><img decoding=\"async\" class=\"swiper-slide-image\" src=\"https:\/\/interkulturelle-mediation.de\/wp-content\/uploads\/2023\/07\/image68.jpg\" alt=\"image68\" \/><\/figure><\/div><div class=\"swiper-slide\" role=\"group\" aria-roledescription=\"slide\" aria-label=\"33 von 68\"><figure class=\"swiper-slide-inner\"><img decoding=\"async\" class=\"swiper-slide-image\" src=\"https:\/\/interkulturelle-mediation.de\/wp-content\/uploads\/2023\/07\/image70.jpg\" alt=\"image70\" \/><\/figure><\/div><div class=\"swiper-slide\" role=\"group\" aria-roledescription=\"slide\" aria-label=\"34 von 68\"><figure class=\"swiper-slide-inner\"><img decoding=\"async\" class=\"swiper-slide-image\" src=\"https:\/\/interkulturelle-mediation.de\/wp-content\/uploads\/2023\/07\/image65.jpg\" alt=\"image65\" \/><\/figure><\/div><div class=\"swiper-slide\" role=\"group\" aria-roledescription=\"slide\" aria-label=\"35 von 68\"><figure class=\"swiper-slide-inner\"><img decoding=\"async\" class=\"swiper-slide-image\" src=\"https:\/\/interkulturelle-mediation.de\/wp-content\/uploads\/2023\/07\/image52.jpg\" alt=\"image52\" \/><\/figure><\/div><div class=\"swiper-slide\" role=\"group\" aria-roledescription=\"slide\" aria-label=\"36 von 68\"><figure class=\"swiper-slide-inner\"><img decoding=\"async\" class=\"swiper-slide-image\" src=\"https:\/\/interkulturelle-mediation.de\/wp-content\/uploads\/2023\/07\/image82.jpg\" alt=\"image82\" \/><\/figure><\/div><div class=\"swiper-slide\" role=\"group\" aria-roledescription=\"slide\" aria-label=\"37 von 68\"><figure class=\"swiper-slide-inner\"><img decoding=\"async\" class=\"swiper-slide-image\" src=\"https:\/\/interkulturelle-mediation.de\/wp-content\/uploads\/2023\/07\/image78.jpg\" alt=\"image78\" \/><\/figure><\/div><div class=\"swiper-slide\" role=\"group\" aria-roledescription=\"slide\" aria-label=\"38 von 68\"><figure class=\"swiper-slide-inner\"><img decoding=\"async\" class=\"swiper-slide-image\" src=\"https:\/\/interkulturelle-mediation.de\/wp-content\/uploads\/2023\/07\/image75.jpg\" alt=\"image75\" \/><\/figure><\/div><div class=\"swiper-slide\" role=\"group\" aria-roledescription=\"slide\" aria-label=\"39 von 68\"><figure class=\"swiper-slide-inner\"><img decoding=\"async\" class=\"swiper-slide-image\" src=\"https:\/\/interkulturelle-mediation.de\/wp-content\/uploads\/2023\/07\/image61.jpg\" alt=\"image61\" \/><\/figure><\/div><div class=\"swiper-slide\" role=\"group\" aria-roledescription=\"slide\" aria-label=\"40 von 68\"><figure class=\"swiper-slide-inner\"><img decoding=\"async\" class=\"swiper-slide-image\" src=\"https:\/\/interkulturelle-mediation.de\/wp-content\/uploads\/2023\/07\/image66.jpg\" alt=\"image66\" \/><\/figure><\/div><div class=\"swiper-slide\" role=\"group\" aria-roledescription=\"slide\" aria-label=\"41 von 68\"><figure class=\"swiper-slide-inner\"><img decoding=\"async\" class=\"swiper-slide-image\" src=\"https:\/\/interkulturelle-mediation.de\/wp-content\/uploads\/2023\/07\/image30.jpg\" alt=\"image30\" \/><\/figure><\/div><div class=\"swiper-slide\" role=\"group\" aria-roledescription=\"slide\" aria-label=\"42 von 68\"><figure class=\"swiper-slide-inner\"><img decoding=\"async\" class=\"swiper-slide-image\" src=\"https:\/\/interkulturelle-mediation.de\/wp-content\/uploads\/2023\/07\/image55.jpg\" alt=\"image55\" \/><\/figure><\/div><div class=\"swiper-slide\" role=\"group\" aria-roledescription=\"slide\" aria-label=\"43 von 68\"><figure class=\"swiper-slide-inner\"><img decoding=\"async\" class=\"swiper-slide-image\" src=\"https:\/\/interkulturelle-mediation.de\/wp-content\/uploads\/2023\/07\/image77.jpg\" alt=\"image77\" \/><\/figure><\/div><div class=\"swiper-slide\" role=\"group\" aria-roledescription=\"slide\" aria-label=\"44 von 68\"><figure class=\"swiper-slide-inner\"><img decoding=\"async\" class=\"swiper-slide-image\" src=\"https:\/\/interkulturelle-mediation.de\/wp-content\/uploads\/2023\/07\/image73.jpg\" alt=\"image73\" \/><\/figure><\/div><div class=\"swiper-slide\" role=\"group\" aria-roledescription=\"slide\" aria-label=\"45 von 68\"><figure class=\"swiper-slide-inner\"><img decoding=\"async\" class=\"swiper-slide-image\" src=\"https:\/\/interkulturelle-mediation.de\/wp-content\/uploads\/2023\/07\/image57.jpg\" alt=\"image57\" \/><\/figure><\/div><div class=\"swiper-slide\" role=\"group\" aria-roledescription=\"slide\" aria-label=\"46 von 68\"><figure class=\"swiper-slide-inner\"><img decoding=\"async\" class=\"swiper-slide-image\" src=\"https:\/\/interkulturelle-mediation.de\/wp-content\/uploads\/2023\/07\/image40.jpg\" alt=\"image40\" \/><\/figure><\/div><div class=\"swiper-slide\" role=\"group\" aria-roledescription=\"slide\" aria-label=\"47 von 68\"><figure class=\"swiper-slide-inner\"><img decoding=\"async\" class=\"swiper-slide-image\" src=\"https:\/\/interkulturelle-mediation.de\/wp-content\/uploads\/2023\/07\/image46.jpg\" alt=\"image46\" \/><\/figure><\/div><div class=\"swiper-slide\" role=\"group\" aria-roledescription=\"slide\" aria-label=\"48 von 68\"><figure class=\"swiper-slide-inner\"><img decoding=\"async\" class=\"swiper-slide-image\" src=\"https:\/\/interkulturelle-mediation.de\/wp-content\/uploads\/2023\/07\/image58.jpg\" alt=\"image58\" \/><\/figure><\/div><div class=\"swiper-slide\" role=\"group\" aria-roledescription=\"slide\" aria-label=\"49 von 68\"><figure class=\"swiper-slide-inner\"><img decoding=\"async\" class=\"swiper-slide-image\" src=\"https:\/\/interkulturelle-mediation.de\/wp-content\/uploads\/2023\/07\/image72.jpg\" alt=\"image72\" \/><\/figure><\/div><div class=\"swiper-slide\" role=\"group\" aria-roledescription=\"slide\" aria-label=\"50 von 68\"><figure class=\"swiper-slide-inner\"><img decoding=\"async\" class=\"swiper-slide-image\" src=\"https:\/\/interkulturelle-mediation.de\/wp-content\/uploads\/2023\/07\/image62.jpg\" alt=\"image62\" \/><\/figure><\/div><div class=\"swiper-slide\" role=\"group\" aria-roledescription=\"slide\" aria-label=\"51 von 68\"><figure class=\"swiper-slide-inner\"><img decoding=\"async\" class=\"swiper-slide-image\" src=\"https:\/\/interkulturelle-mediation.de\/wp-content\/uploads\/2023\/07\/image67.jpg\" alt=\"image67\" \/><\/figure><\/div><div class=\"swiper-slide\" role=\"group\" aria-roledescription=\"slide\" aria-label=\"52 von 68\"><figure class=\"swiper-slide-inner\"><img decoding=\"async\" class=\"swiper-slide-image\" src=\"https:\/\/interkulturelle-mediation.de\/wp-content\/uploads\/2023\/07\/image86.jpg\" alt=\"image86\" \/><\/figure><\/div><div class=\"swiper-slide\" role=\"group\" aria-roledescription=\"slide\" aria-label=\"53 von 68\"><figure class=\"swiper-slide-inner\"><img decoding=\"async\" class=\"swiper-slide-image\" src=\"https:\/\/interkulturelle-mediation.de\/wp-content\/uploads\/2023\/07\/image32.jpg\" alt=\"image32\" \/><\/figure><\/div><div class=\"swiper-slide\" role=\"group\" aria-roledescription=\"slide\" aria-label=\"54 von 68\"><figure class=\"swiper-slide-inner\"><img decoding=\"async\" class=\"swiper-slide-image\" src=\"https:\/\/interkulturelle-mediation.de\/wp-content\/uploads\/2023\/07\/image39.jpg\" alt=\"image39\" \/><\/figure><\/div><div class=\"swiper-slide\" role=\"group\" aria-roledescription=\"slide\" aria-label=\"55 von 68\"><figure class=\"swiper-slide-inner\"><img decoding=\"async\" class=\"swiper-slide-image\" src=\"https:\/\/interkulturelle-mediation.de\/wp-content\/uploads\/2023\/07\/image31.jpg\" alt=\"image31\" \/><\/figure><\/div><div class=\"swiper-slide\" role=\"group\" aria-roledescription=\"slide\" aria-label=\"56 von 68\"><figure class=\"swiper-slide-inner\"><img decoding=\"async\" class=\"swiper-slide-image\" src=\"https:\/\/interkulturelle-mediation.de\/wp-content\/uploads\/2023\/07\/image84.jpg\" alt=\"image84\" \/><\/figure><\/div><div class=\"swiper-slide\" role=\"group\" aria-roledescription=\"slide\" aria-label=\"57 von 68\"><figure class=\"swiper-slide-inner\"><img decoding=\"async\" class=\"swiper-slide-image\" src=\"https:\/\/interkulturelle-mediation.de\/wp-content\/uploads\/2023\/07\/image69.jpg\" alt=\"image69\" \/><\/figure><\/div><div class=\"swiper-slide\" role=\"group\" aria-roledescription=\"slide\" aria-label=\"58 von 68\"><figure class=\"swiper-slide-inner\"><img decoding=\"async\" class=\"swiper-slide-image\" src=\"https:\/\/interkulturelle-mediation.de\/wp-content\/uploads\/2023\/07\/image85.jpg\" alt=\"image85\" \/><\/figure><\/div><div class=\"swiper-slide\" role=\"group\" aria-roledescription=\"slide\" aria-label=\"59 von 68\"><figure class=\"swiper-slide-inner\"><img decoding=\"async\" class=\"swiper-slide-image\" src=\"https:\/\/interkulturelle-mediation.de\/wp-content\/uploads\/2023\/09\/2560px-FTI_Consulting_logo.svg.png\" alt=\"2560px-FTI_Consulting_logo.svg\" \/><\/figure><\/div><div class=\"swiper-slide\" role=\"group\" aria-roledescription=\"slide\" aria-label=\"60 von 68\"><figure class=\"swiper-slide-inner\"><img decoding=\"async\" class=\"swiper-slide-image\" src=\"https:\/\/interkulturelle-mediation.de\/wp-content\/uploads\/2023\/09\/Mahle_Unternehmen_2020_logo.svg\" alt=\"Mahle_(Unternehmen)_2020_logo\" \/><\/figure><\/div><div class=\"swiper-slide\" role=\"group\" aria-roledescription=\"slide\" aria-label=\"61 von 68\"><figure class=\"swiper-slide-inner\"><img decoding=\"async\" class=\"swiper-slide-image\" src=\"https:\/\/interkulturelle-mediation.de\/wp-content\/uploads\/2023\/09\/csm_MicrosoftTeams-image__39__16f83ccc41.png\" alt=\"csm_MicrosoftTeams-image__39__16f83ccc41\" \/><\/figure><\/div><div class=\"swiper-slide\" role=\"group\" aria-roledescription=\"slide\" aria-label=\"62 von 68\"><figure class=\"swiper-slide-inner\"><img decoding=\"async\" class=\"swiper-slide-image\" src=\"https:\/\/interkulturelle-mediation.de\/wp-content\/uploads\/2024\/03\/e-on-e1710841270192.jpeg\" alt=\"e-on\" \/><\/figure><\/div><div class=\"swiper-slide\" role=\"group\" aria-roledescription=\"slide\" aria-label=\"63 von 68\"><figure class=\"swiper-slide-inner\"><img decoding=\"async\" class=\"swiper-slide-image\" src=\"https:\/\/interkulturelle-mediation.de\/wp-content\/uploads\/2024\/03\/moet.jpeg\" alt=\"moet\" \/><\/figure><\/div><div class=\"swiper-slide\" role=\"group\" aria-roledescription=\"slide\" aria-label=\"64 von 68\"><figure class=\"swiper-slide-inner\"><img decoding=\"async\" class=\"swiper-slide-image\" src=\"https:\/\/interkulturelle-mediation.de\/wp-content\/uploads\/2024\/03\/ksb.jpeg\" alt=\"ksb\" \/><\/figure><\/div><div class=\"swiper-slide\" role=\"group\" aria-roledescription=\"slide\" aria-label=\"65 von 68\"><figure class=\"swiper-slide-inner\"><img decoding=\"async\" class=\"swiper-slide-image\" src=\"https:\/\/interkulturelle-mediation.de\/wp-content\/uploads\/2024\/06\/WILO_Logo_2013.svg.png\" alt=\"WILO_Logo_2013.svg\" \/><\/figure><\/div><div class=\"swiper-slide\" role=\"group\" aria-roledescription=\"slide\" aria-label=\"66 von 68\"><figure class=\"swiper-slide-inner\"><img decoding=\"async\" class=\"swiper-slide-image\" src=\"https:\/\/interkulturelle-mediation.de\/wp-content\/uploads\/2024\/06\/Deutsche_Bundesbank_logo.svg.png\" alt=\"Deutsche_Bundesbank_logo.svg\" \/><\/figure><\/div><div class=\"swiper-slide\" role=\"group\" aria-roledescription=\"slide\" aria-label=\"67 von 68\"><figure class=\"swiper-slide-inner\"><img decoding=\"async\" class=\"swiper-slide-image\" src=\"https:\/\/interkulturelle-mediation.de\/wp-content\/uploads\/2024\/07\/images-5.png\" alt=\"images-5\" \/><\/figure><\/div><div class=\"swiper-slide\" role=\"group\" aria-roledescription=\"slide\" aria-label=\"68 von 68\"><figure class=\"swiper-slide-inner\"><img decoding=\"async\" class=\"swiper-slide-image\" src=\"https:\/\/interkulturelle-mediation.de\/wp-content\/uploads\/2025\/02\/Springer_Nature_Logo.svg.png\" alt=\"Springer_Nature_Logo.svg\" \/><\/figure><\/div>\t\t\t<\/div>\n\t\t\t\t\t\t\t\t\t\t\t\t<div class=\"elementor-swiper-button elementor-swiper-button-prev\" role=\"button\" tabindex=\"0\">\n\t\t\t\t\t\t<i aria-hidden=\"true\" class=\"eicon-chevron-left\"><\/i>\t\t\t\t\t<\/div>\n\t\t\t\t\t<div class=\"elementor-swiper-button elementor-swiper-button-next\" role=\"button\" tabindex=\"0\">\n\t\t\t\t\t\t<i aria-hidden=\"true\" class=\"eicon-chevron-right\"><\/i>\t\t\t\t\t<\/div>\n\t\t\t\t\n\t\t\t\t\t\t\t\t\t<div class=\"swiper-pagination\"><\/div>\n\t\t\t\t\t\t\t\t\t<\/div>\n\t\t\t\t\t\t<\/div>\n\t\t\t\t<\/div>\n\t\t\t\t\t<\/div>\n\t\t\t\t<\/div>\n\t\t\t\t<\/div>","protected":false},"excerpt":{"rendered":"<p>What Our Clients Say &#8220;Claude has been organising intercultural mediation trainings in cooperation with the Catholic Adult Education for many years. Her extraordinary intercultural competences, her high level of professionalism, her methodological skills have always enthused us as organisers and the participants, just as much as her approachability and her philanthropy.&#8221; \u2013 Elisabeth, Managing Director, [&hellip;]<\/p>\n","protected":false},"author":1,"featured_media":0,"parent":0,"menu_order":0,"comment_status":"closed","ping_status":"closed","template":"elementor_canvas","meta":{"footnotes":""},"class_list":["post-48","page","type-page","status-publish","hentry"],"yoast_head":"<!-- This site is optimized with the Yoast SEO plugin v27.4 - https:\/\/yoast.com\/product\/yoast-seo-wordpress\/ -->\n<title>Our Clients - IIPK<\/title>\n<meta name=\"robots\" content=\"index, follow, max-snippet:-1, max-image-preview:large, max-video-preview:-1\" \/>\n<link rel=\"canonical\" href=\"https:\/\/interkulturelle-mediation.de\/de\/our-clients\/\" \/>\n<meta property=\"og:locale\" content=\"de_DE\" \/>\n<meta property=\"og:type\" content=\"article\" \/>\n<meta property=\"og:title\" content=\"Our Clients - IIPK\" \/>\n<meta property=\"og:description\" content=\"What Our Clients Say &#8220;Claude has been organising intercultural mediation trainings in cooperation with the Catholic Adult Education for many years. Her extraordinary intercultural competences, her high level of professionalism, her methodological skills have always enthused us as organisers and the participants, just as much as her approachability and her philanthropy.&#8221; \u2013 Elisabeth, Managing Director, [&hellip;]\" \/>\n<meta property=\"og:url\" content=\"https:\/\/interkulturelle-mediation.de\/de\/our-clients\/\" \/>\n<meta property=\"og:site_name\" content=\"IIPK\" \/>\n<meta property=\"article:modified_time\" content=\"2025-02-10T11:36:28+00:00\" \/>\n<meta property=\"og:image\" content=\"https:\/\/interkulturelle-mediation.de\/wp-content\/uploads\/2023\/07\/image81.jpg\" \/>\n<meta name=\"twitter:card\" content=\"summary_large_image\" \/>\n<meta name=\"twitter:label1\" content=\"Gesch\u00e4tzte Lesezeit\" \/>\n\t<meta name=\"twitter:data1\" content=\"18\u00a0Minuten\" \/>\n<script type=\"application\/ld+json\" class=\"yoast-schema-graph\">{\"@context\":\"https:\\\/\\\/schema.org\",\"@graph\":[{\"@type\":\"WebPage\",\"@id\":\"https:\\\/\\\/interkulturelle-mediation.de\\\/our-clients\\\/\",\"url\":\"https:\\\/\\\/interkulturelle-mediation.de\\\/our-clients\\\/\",\"name\":\"Our Clients - IIPK\",\"isPartOf\":{\"@id\":\"https:\\\/\\\/interkulturelle-mediation.de\\\/#website\"},\"primaryImageOfPage\":{\"@id\":\"https:\\\/\\\/interkulturelle-mediation.de\\\/our-clients\\\/#primaryimage\"},\"image\":{\"@id\":\"https:\\\/\\\/interkulturelle-mediation.de\\\/our-clients\\\/#primaryimage\"},\"thumbnailUrl\":\"https:\\\/\\\/interkulturelle-mediation.de\\\/wp-content\\\/uploads\\\/2023\\\/07\\\/image81.jpg\",\"datePublished\":\"2023-06-11T14:33:02+00:00\",\"dateModified\":\"2025-02-10T11:36:28+00:00\",\"breadcrumb\":{\"@id\":\"https:\\\/\\\/interkulturelle-mediation.de\\\/our-clients\\\/#breadcrumb\"},\"inLanguage\":\"de\",\"potentialAction\":[{\"@type\":\"ReadAction\",\"target\":[\"https:\\\/\\\/interkulturelle-mediation.de\\\/our-clients\\\/\"]}]},{\"@type\":\"ImageObject\",\"inLanguage\":\"de\",\"@id\":\"https:\\\/\\\/interkulturelle-mediation.de\\\/our-clients\\\/#primaryimage\",\"url\":\"https:\\\/\\\/interkulturelle-mediation.de\\\/wp-content\\\/uploads\\\/2023\\\/07\\\/image81.jpg\",\"contentUrl\":\"https:\\\/\\\/interkulturelle-mediation.de\\\/wp-content\\\/uploads\\\/2023\\\/07\\\/image81.jpg\"},{\"@type\":\"BreadcrumbList\",\"@id\":\"https:\\\/\\\/interkulturelle-mediation.de\\\/our-clients\\\/#breadcrumb\",\"itemListElement\":[{\"@type\":\"ListItem\",\"position\":1,\"name\":\"Startseite\",\"item\":\"https:\\\/\\\/interkulturelle-mediation.de\\\/\"},{\"@type\":\"ListItem\",\"position\":2,\"name\":\"Our Clients\"}]},{\"@type\":\"WebSite\",\"@id\":\"https:\\\/\\\/interkulturelle-mediation.de\\\/#website\",\"url\":\"https:\\\/\\\/interkulturelle-mediation.de\\\/\",\"name\":\"IIPK\",\"description\":\"Institut f\u00fcr Interkulturelle Praxis &amp; Konfliktmanagement\",\"publisher\":{\"@id\":\"https:\\\/\\\/interkulturelle-mediation.de\\\/#organization\"},\"potentialAction\":[{\"@type\":\"SearchAction\",\"target\":{\"@type\":\"EntryPoint\",\"urlTemplate\":\"https:\\\/\\\/interkulturelle-mediation.de\\\/?s={search_term_string}\"},\"query-input\":{\"@type\":\"PropertyValueSpecification\",\"valueRequired\":true,\"valueName\":\"search_term_string\"}}],\"inLanguage\":\"de\"},{\"@type\":\"Organization\",\"@id\":\"https:\\\/\\\/interkulturelle-mediation.de\\\/#organization\",\"name\":\"IIPK\",\"url\":\"https:\\\/\\\/interkulturelle-mediation.de\\\/\",\"logo\":{\"@type\":\"ImageObject\",\"inLanguage\":\"de\",\"@id\":\"https:\\\/\\\/interkulturelle-mediation.de\\\/#\\\/schema\\\/logo\\\/image\\\/\",\"url\":\"https:\\\/\\\/interkulturelle-mediation.de\\\/wp-content\\\/uploads\\\/2023\\\/06\\\/logo_IIPK.png\",\"contentUrl\":\"https:\\\/\\\/interkulturelle-mediation.de\\\/wp-content\\\/uploads\\\/2023\\\/06\\\/logo_IIPK.png\",\"width\":200,\"height\":200,\"caption\":\"IIPK\"},\"image\":{\"@id\":\"https:\\\/\\\/interkulturelle-mediation.de\\\/#\\\/schema\\\/logo\\\/image\\\/\"}}]}<\/script>\n<!-- \/ Yoast SEO plugin. -->","yoast_head_json":{"title":"Our Clients - IIPK","robots":{"index":"index","follow":"follow","max-snippet":"max-snippet:-1","max-image-preview":"max-image-preview:large","max-video-preview":"max-video-preview:-1"},"canonical":"https:\/\/interkulturelle-mediation.de\/de\/our-clients\/","og_locale":"de_DE","og_type":"article","og_title":"Our Clients - IIPK","og_description":"What Our Clients Say &#8220;Claude has been organising intercultural mediation trainings in cooperation with the Catholic Adult Education for many years. Her extraordinary intercultural competences, her high level of professionalism, her methodological skills have always enthused us as organisers and the participants, just as much as her approachability and her philanthropy.&#8221; \u2013 Elisabeth, Managing Director, [&hellip;]","og_url":"https:\/\/interkulturelle-mediation.de\/de\/our-clients\/","og_site_name":"IIPK","article_modified_time":"2025-02-10T11:36:28+00:00","og_image":[{"url":"https:\/\/interkulturelle-mediation.de\/wp-content\/uploads\/2023\/07\/image81.jpg","type":"","width":"","height":""}],"twitter_card":"summary_large_image","twitter_misc":{"Gesch\u00e4tzte Lesezeit":"18\u00a0Minuten"},"schema":{"@context":"https:\/\/schema.org","@graph":[{"@type":"WebPage","@id":"https:\/\/interkulturelle-mediation.de\/our-clients\/","url":"https:\/\/interkulturelle-mediation.de\/our-clients\/","name":"Our Clients - IIPK","isPartOf":{"@id":"https:\/\/interkulturelle-mediation.de\/#website"},"primaryImageOfPage":{"@id":"https:\/\/interkulturelle-mediation.de\/our-clients\/#primaryimage"},"image":{"@id":"https:\/\/interkulturelle-mediation.de\/our-clients\/#primaryimage"},"thumbnailUrl":"https:\/\/interkulturelle-mediation.de\/wp-content\/uploads\/2023\/07\/image81.jpg","datePublished":"2023-06-11T14:33:02+00:00","dateModified":"2025-02-10T11:36:28+00:00","breadcrumb":{"@id":"https:\/\/interkulturelle-mediation.de\/our-clients\/#breadcrumb"},"inLanguage":"de","potentialAction":[{"@type":"ReadAction","target":["https:\/\/interkulturelle-mediation.de\/our-clients\/"]}]},{"@type":"ImageObject","inLanguage":"de","@id":"https:\/\/interkulturelle-mediation.de\/our-clients\/#primaryimage","url":"https:\/\/interkulturelle-mediation.de\/wp-content\/uploads\/2023\/07\/image81.jpg","contentUrl":"https:\/\/interkulturelle-mediation.de\/wp-content\/uploads\/2023\/07\/image81.jpg"},{"@type":"BreadcrumbList","@id":"https:\/\/interkulturelle-mediation.de\/our-clients\/#breadcrumb","itemListElement":[{"@type":"ListItem","position":1,"name":"Startseite","item":"https:\/\/interkulturelle-mediation.de\/"},{"@type":"ListItem","position":2,"name":"Our Clients"}]},{"@type":"WebSite","@id":"https:\/\/interkulturelle-mediation.de\/#website","url":"https:\/\/interkulturelle-mediation.de\/","name":"IIPK","description":"Institut f\u00fcr Interkulturelle Praxis &amp; Konfliktmanagement","publisher":{"@id":"https:\/\/interkulturelle-mediation.de\/#organization"},"potentialAction":[{"@type":"SearchAction","target":{"@type":"EntryPoint","urlTemplate":"https:\/\/interkulturelle-mediation.de\/?s={search_term_string}"},"query-input":{"@type":"PropertyValueSpecification","valueRequired":true,"valueName":"search_term_string"}}],"inLanguage":"de"},{"@type":"Organization","@id":"https:\/\/interkulturelle-mediation.de\/#organization","name":"IIPK","url":"https:\/\/interkulturelle-mediation.de\/","logo":{"@type":"ImageObject","inLanguage":"de","@id":"https:\/\/interkulturelle-mediation.de\/#\/schema\/logo\/image\/","url":"https:\/\/interkulturelle-mediation.de\/wp-content\/uploads\/2023\/06\/logo_IIPK.png","contentUrl":"https:\/\/interkulturelle-mediation.de\/wp-content\/uploads\/2023\/06\/logo_IIPK.png","width":200,"height":200,"caption":"IIPK"},"image":{"@id":"https:\/\/interkulturelle-mediation.de\/#\/schema\/logo\/image\/"}}]}},"_links":{"self":[{"href":"https:\/\/interkulturelle-mediation.de\/de\/wp-json\/wp\/v2\/pages\/48","targetHints":{"allow":["GET"]}}],"collection":[{"href":"https:\/\/interkulturelle-mediation.de\/de\/wp-json\/wp\/v2\/pages"}],"about":[{"href":"https:\/\/interkulturelle-mediation.de\/de\/wp-json\/wp\/v2\/types\/page"}],"author":[{"embeddable":true,"href":"https:\/\/interkulturelle-mediation.de\/de\/wp-json\/wp\/v2\/users\/1"}],"replies":[{"embeddable":true,"href":"https:\/\/interkulturelle-mediation.de\/de\/wp-json\/wp\/v2\/comments?post=48"}],"version-history":[{"count":172,"href":"https:\/\/interkulturelle-mediation.de\/de\/wp-json\/wp\/v2\/pages\/48\/revisions"}],"predecessor-version":[{"id":2203,"href":"https:\/\/interkulturelle-mediation.de\/de\/wp-json\/wp\/v2\/pages\/48\/revisions\/2203"}],"wp:attachment":[{"href":"https:\/\/interkulturelle-mediation.de\/de\/wp-json\/wp\/v2\/media?parent=48"}],"curies":[{"name":"wp","href":"https:\/\/api.w.org\/{rel}","templated":true}]}}