{"id":1060,"date":"2023-07-21T21:02:10","date_gmt":"2023-07-21T21:02:10","guid":{"rendered":"http:\/\/neu.interkulturelle-mediation.de\/?page_id=1060"},"modified":"2024-03-19T10:48:49","modified_gmt":"2024-03-19T10:48:49","slug":"privacy-policy","status":"publish","type":"page","link":"https:\/\/interkulturelle-mediation.de\/de\/privacy-policy\/","title":{"rendered":"Datenschutzerkl\u00e4rung"},"content":{"rendered":"<div data-elementor-type=\"wp-page\" data-elementor-id=\"1060\" class=\"elementor elementor-1060\" data-elementor-settings=\"{&quot;ha_cmc_init_switcher&quot;:&quot;no&quot;}\">\n\t\t\t\t<div class=\"elementor-element elementor-element-d129268 e-flex e-con-boxed e-con e-parent\" data-id=\"d129268\" data-element_type=\"container\" data-e-type=\"container\" data-settings=\"{&quot;_ha_eqh_enable&quot;:false}\">\n\t\t\t\t\t<div class=\"e-con-inner\">\n\t\t\t\t\t<\/div>\n\t\t\t\t<\/div>\n\t\t<div class=\"elementor-element elementor-element-6fc67d6 e-flex e-con-boxed e-con e-parent\" data-id=\"6fc67d6\" data-element_type=\"container\" data-e-type=\"container\" data-settings=\"{&quot;_ha_eqh_enable&quot;:false}\">\n\t\t\t\t\t<div class=\"e-con-inner\">\n\t\t\t\t<div class=\"elementor-element elementor-element-a0eb142 elementor-widget elementor-widget-heading\" data-id=\"a0eb142\" data-element_type=\"widget\" data-e-type=\"widget\" data-widget_type=\"heading.default\">\n\t\t\t\t<div class=\"elementor-widget-container\">\n\t\t\t\t\t<h2 class=\"elementor-heading-title elementor-size-default\">Datenschutzerkl\u00e4rung<\/h2>\t\t\t\t<\/div>\n\t\t\t\t<\/div>\n\t\t\t\t<div class=\"elementor-element elementor-element-9f2f59b elementor-widget elementor-widget-text-editor\" data-id=\"9f2f59b\" data-element_type=\"widget\" data-e-type=\"widget\" data-widget_type=\"text-editor.default\">\n\t\t\t\t<div class=\"elementor-widget-container\">\n\t\t\t\t\t<style>.elementor-element-9f2f59b{display:none !important}<\/style>\t\t\t\t<\/div>\n\t\t\t\t<\/div>\n\t\t\t\t<div class=\"elementor-element elementor-element-23060ba elementor-widget elementor-widget-text-editor\" data-id=\"23060ba\" data-element_type=\"widget\" data-e-type=\"widget\" data-widget_type=\"text-editor.default\">\n\t\t\t\t<div class=\"elementor-widget-container\">\n\t\t\t\t\t\t\t\t\t<h2><strong>1<\/strong><b>. Datenschutz auf einen Blick<\/b><\/h2><h3>Allgemeine Hinweise<\/h3><p>Die folgenden Hinweise geben einen einfachen \u00dcberblick dar\u00fcber, was mit Ihren personenbezogenen Daten passiert, wenn Sie diese Website besuchen. Personenbezogene Daten sind alle Daten, mit denen Sie pers\u00f6nlich identifiziert werden k\u00f6nnen. Ausf\u00fchrliche Informationen zum Thema Datenschutz entnehmen Sie unserer unter diesem Text aufgef\u00fchrten Datenschutzerkl\u00e4rung.<\/p><h3>Datenerfassung auf dieser Website<\/h3><h4>Wer ist verantwortlich f\u00fcr die Datenerfassung auf dieser Website?<\/h4><p>Die Datenverarbeitung auf dieser Website erfolgt durch den Websitebetreiber. Dessen Kontaktdaten k\u00f6nnen Sie dem Abschnitt \u201eHinweis zur Verantwortlichen Stelle\u201c in dieser Datenschutzerkl\u00e4rung entnehmen.<\/p><h4>Wie erfassen wir Ihre Daten?<\/h4><p>Ihre Daten werden zum einen dadurch erhoben, dass Sie uns diese mitteilen. Hierbei kann es sich z.\u00a0B. um Daten handeln, die Sie in ein Kontaktformular eingeben.<\/p><p>Andere Daten werden automatisch oder nach Ihrer Einwilligung beim Besuch der Website durch unsere IT-Systeme erfasst. Das sind vor allem technische Daten (z.\u00a0B. Internetbrowser, Betriebssystem oder Uhrzeit des Seitenaufrufs). Die Erfassung dieser Daten erfolgt automatisch, sobald Sie diese Website betreten.<\/p><h4>Wof\u00fcr nutzen wir Ihre Daten?<\/h4><p>Ein Teil der Daten wird erhoben, um eine fehlerfreie Bereitstellung der Website zu gew\u00e4hrleisten. Andere Daten k\u00f6nnen zur Analyse Ihres Nutzerverhaltens verwendet werden.<\/p><h4>Welche Rechte haben Sie bez\u00fcglich Ihrer Daten?<\/h4><p>Sie haben jederzeit das Recht, unentgeltlich Auskunft \u00fcber Herkunft, Empf\u00e4nger und Zweck Ihrer gespeicherten personenbezogenen Daten zu erhalten. Sie haben au\u00dferdem ein Recht, die Berichtigung oder L\u00f6schung dieser Daten zu verlangen. Wenn Sie eine Einwilligung zur Datenverarbeitung erteilt haben, k\u00f6nnen Sie diese Einwilligung jederzeit f\u00fcr die Zukunft widerrufen. Au\u00dferdem haben Sie das Recht, unter bestimmten Umst\u00e4nden die Einschr\u00e4nkung der Verarbeitung Ihrer personenbezogenen Daten zu verlangen. Des Weiteren steht Ihnen ein Beschwerderecht bei der zust\u00e4ndigen Aufsichtsbeh\u00f6rde zu.<\/p><p>Hierzu sowie zu weiteren Fragen zum Thema Datenschutz k\u00f6nnen Sie sich jederzeit an uns wenden.<\/p><h3>Analyse-Tools und Tools von Dritt\u00adanbietern<\/h3><p>Beim Besuch dieser Website kann Ihr Surf-Verhalten statistisch ausgewertet werden. Das geschieht vor allem mit sogenannten Analyseprogrammen.<\/p><p>Detaillierte Informationen zu diesen Analyseprogrammen finden Sie in der folgenden Datenschutzerkl\u00e4rung.<\/p><h2><strong>2<\/strong><b>. Hosting<\/b><\/h2><p>Wir hosten die Inhalte unserer Website bei folgendem Anbieter:<\/p><h3>Strato<\/h3><p>Anbieter ist die Strato AG, Otto-Ostrowski-Stra\u00dfe 7, 10249 Berlin (nachfolgend \u201eStrato\u201c). Wenn Sie unsere Website besuchen, erfasst Strato verschiedene Logfiles inklusive Ihrer IP-Adressen.<\/p><p>Weitere Informationen entnehmen Sie der Datenschutzerkl\u00e4rung von Strato: <a href=\"https:\/\/www.strato.de\/datenschutz\/\" target=\"_blank\" rel=\"noopener noreferrer\">https:\/\/www.strato.de\/datenschutz\/<\/a>.<\/p><p>Die Verwendung von Strato erfolgt auf Grundlage von Art. 6 Abs. 1 lit. f DSGVO. Wir haben ein berechtigtes Interesse an einer m\u00f6glichst zuverl\u00e4ssigen Darstellung unserer Website. Sofern eine entsprechende Einwilligung abgefragt wurde, erfolgt die Verarbeitung ausschlie\u00dflich auf Grundlage von Art. 6 Abs. 1 lit. a DSGVO und \u00a7 25 Abs. 1 TTDSG, soweit die Einwilligung die Speicherung von Cookies oder den Zugriff auf Informationen im Endger\u00e4t des Nutzers (z.\u00a0B. Device-Fingerprinting) im Sinne des TTDSG umfasst. Die Einwilligung ist jederzeit widerrufbar.<\/p><h4>Auftragsverarbeitung<\/h4><p>Wir haben einen Vertrag \u00fcber Auftragsverarbeitung (AVV) zur Nutzung des oben genannten Dienstes geschlossen. Hierbei handelt es sich um einen datenschutzrechtlich vorgeschriebenen Vertrag, der gew\u00e4hrleistet, dass dieser die personenbezogenen Daten unserer Websitebesucher nur nach unseren Weisungen und unter Einhaltung der DSGVO verarbeitet.<\/p><h2><strong>3.<\/strong> <b>Allgemeine Hinweise und Pflicht\u00adinformationen<\/b><\/h2><h3>Datenschutz<\/h3><p>Die Betreiber dieser Seiten nehmen den Schutz Ihrer pers\u00f6nlichen Daten sehr ernst. Wir behandeln Ihre personenbezogenen Daten vertraulich und entsprechend den gesetzlichen Datenschutzvorschriften sowie dieser Datenschutzerkl\u00e4rung.<\/p><p>Wenn Sie diese Website benutzen, werden verschiedene personenbezogene Daten erhoben. Personenbezogene Daten sind Daten, mit denen Sie pers\u00f6nlich identifiziert werden k\u00f6nnen. Die vorliegende Datenschutzerkl\u00e4rung erl\u00e4utert, welche Daten wir erheben und wof\u00fcr wir sie nutzen. Sie erl\u00e4utert auch, wie und zu welchem Zweck das geschieht.<\/p><p>Wir weisen darauf hin, dass die Daten\u00fcbertragung im Internet (z.\u00a0B. bei der Kommunikation per E-Mail) Sicherheitsl\u00fccken aufweisen kann. Ein l\u00fcckenloser Schutz der Daten vor dem Zugriff durch Dritte ist nicht m\u00f6glich.<\/p><h3>Hinweis zur verantwortlichen Stelle<\/h3><p>Die verantwortliche Stelle f\u00fcr die Datenverarbeitung auf dieser Website ist:<\/p><p>Dr. Claude-H\u00e9l\u00e8ne Mayer<br \/>Ernst-Ruhstrat-Str. 8, 37079 G\u00f6ttingen, Deutschland<\/p><p>Telefon: +49 160 96837366<br \/>E-Mail: info@interkulturelle-mediation.com<\/p><p>Verantwortliche Stelle ist die nat\u00fcrliche oder juristische Person, die allein oder gemeinsam mit anderen \u00fcber die Zwecke und Mittel der Verarbeitung von personenbezogenen Daten (z.\u00a0B. Namen, E-Mail-Adressen o. \u00c4.) entscheidet.<\/p><h3>Speicherdauer<\/h3><p>Soweit innerhalb dieser Datenschutzerkl\u00e4rung keine speziellere Speicherdauer genannt wurde, verbleiben Ihre personenbezogenen Daten bei uns, bis der Zweck f\u00fcr die Datenverarbeitung entf\u00e4llt. Wenn Sie ein berechtigtes L\u00f6schersuchen geltend machen oder eine Einwilligung zur Datenverarbeitung widerrufen, werden Ihre Daten gel\u00f6scht, sofern wir keine anderen rechtlich zul\u00e4ssigen Gr\u00fcnde f\u00fcr die Speicherung Ihrer personenbezogenen Daten haben (z.\u00a0B. steuer- oder handelsrechtliche Aufbewahrungsfristen); im letztgenannten Fall erfolgt die L\u00f6schung nach Fortfall dieser Gr\u00fcnde.<\/p><h3>Allgemeine Hinweise zu den Rechtsgrundlagen der Datenverarbeitung auf dieser Website<\/h3><p>Sofern Sie in die Datenverarbeitung eingewilligt haben, verarbeiten wir Ihre personenbezogenen Daten auf Grundlage von Art. 6 Abs. 1 lit. a DSGVO bzw. Art. 9 Abs. 2 lit. a DSGVO, sofern besondere Datenkategorien nach Art. 9 Abs. 1 DSGVO verarbeitet werden. Im Falle einer ausdr\u00fccklichen Einwilligung in die \u00dcbertragung personenbezogener Daten in Drittstaaten erfolgt die Datenverarbeitung au\u00dferdem auf Grundlage von Art. 49 Abs. 1 lit. a DSGVO. Sofern Sie in die Speicherung von Cookies oder in den Zugriff auf Informationen in Ihr Endger\u00e4t (z.\u00a0B. via Device-Fingerprinting) eingewilligt haben, erfolgt die Datenverarbeitung zus\u00e4tzlich auf Grundlage von \u00a7 25 Abs. 1 TTDSG. Die Einwilligung ist jederzeit widerrufbar. Sind Ihre Daten zur Vertragserf\u00fcllung oder zur Durchf\u00fchrung vorvertraglicher Ma\u00dfnahmen erforderlich, verarbeiten wir Ihre Daten auf Grundlage des Art. 6 Abs. 1 lit. b DSGVO. Des Weiteren verarbeiten wir Ihre Daten, sofern diese zur Erf\u00fcllung einer rechtlichen Verpflichtung erforderlich sind auf Grundlage von Art. 6 Abs. 1 lit. c DSGVO. Die Datenverarbeitung kann ferner auf Grundlage unseres berechtigten Interesses nach Art. 6 Abs. 1 lit. f DSGVO erfolgen. \u00dcber die jeweils im Einzelfall einschl\u00e4gigen Rechtsgrundlagen wird in den folgenden Abs\u00e4tzen dieser Datenschutzerkl\u00e4rung informiert.<\/p><h3>Widerruf Ihrer Einwilligung zur Datenverarbeitung<\/h3><p>Viele Datenverarbeitungsvorg\u00e4nge sind nur mit Ihrer ausdr\u00fccklichen Einwilligung m\u00f6glich. Sie k\u00f6nnen eine bereits erteilte Einwilligung jederzeit widerrufen. Die Rechtm\u00e4\u00dfigkeit der bis zum Widerruf erfolgten Datenverarbeitung bleibt vom Widerruf unber\u00fchrt.<\/p><h3>Widerspruchsrecht gegen die Datenerhebung in besonderen F\u00e4llen sowie gegen Direktwerbung (Art. 21 DSGVO)<\/h3><p>WENN DIE DATENVERARBEITUNG AUF GRUNDLAGE VON ART. 6 ABS. 1 LIT. E ODER F DSGVO ERFOLGT, HABEN SIE JEDERZEIT DAS RECHT, AUS GR\u00dcNDEN, DIE SICH AUS IHRER BESONDEREN SITUATION ERGEBEN, GEGEN DIE VERARBEITUNG IHRER PERSONENBEZOGENEN DATEN WIDERSPRUCH EINZULEGEN; DIES GILT AUCH F\u00dcR EIN AUF DIESE BESTIMMUNGEN GEST\u00dcTZTES PROFILING. DIE JEWEILIGE RECHTSGRUNDLAGE, AUF DENEN EINE VERARBEITUNG BERUHT, ENTNEHMEN SIE DIESER DATENSCHUTZERKL\u00c4RUNG. WENN SIE WIDERSPRUCH EINLEGEN, WERDEN WIR IHRE BETROFFENEN PERSONENBEZOGENEN DATEN NICHT MEHR VERARBEITEN, ES SEI DENN, WIR K\u00d6NNEN ZWINGENDE SCHUTZW\u00dcRDIGE GR\u00dcNDE F\u00dcR DIE VERARBEITUNG NACHWEISEN, DIE IHRE INTERESSEN, RECHTE UND FREIHEITEN \u00dcBERWIEGEN ODER DIE VERARBEITUNG DIENT DER GELTENDMACHUNG, AUS\u00dcBUNG ODER VERTEIDIGUNG VON RECHTSANSPR\u00dcCHEN (WIDERSPRUCH NACH ART. 21 ABS. 1 DSGVO).<\/p><p>WERDEN IHRE PERSONENBEZOGENEN DATEN VERARBEITET, UM DIREKTWERBUNG ZU BETREIBEN, SO HABEN SIE DAS RECHT, JEDERZEIT WIDERSPRUCH GEGEN DIE VERARBEITUNG SIE BETREFFENDER PERSONENBEZOGENER DATEN ZUM ZWECKE DERARTIGER WERBUNG EINZULEGEN; DIES GILT AUCH F\u00dcR DAS PROFILING, SOWEIT ES MIT SOLCHER DIREKTWERBUNG IN VERBINDUNG STEHT. WENN SIE WIDERSPRECHEN, WERDEN IHRE PERSONENBEZOGENEN DATEN ANSCHLIESSEND NICHT MEHR ZUM ZWECKE DER DIREKTWERBUNG VERWENDET (WIDERSPRUCH NACH ART. 21 ABS. 2 DSGVO).<\/p><h3>Beschwerde\u00adrecht bei der zust\u00e4ndigen Aufsichts\u00adbeh\u00f6rde<\/h3><p>Im Falle von Verst\u00f6\u00dfen gegen die DSGVO steht den Betroffenen ein Beschwerderecht bei einer Aufsichtsbeh\u00f6rde, insbesondere in dem Mitgliedstaat ihres gew\u00f6hnlichen Aufenthalts, ihres Arbeitsplatzes oder des Orts des mutma\u00dflichen Versto\u00dfes zu. Das Beschwerderecht besteht unbeschadet anderweitiger verwaltungsrechtlicher oder gerichtlicher Rechtsbehelfe.<\/p><h3>Recht auf Daten\u00ad\u00fcbertrag\u00adbarkeit<\/h3><p>Sie haben das Recht, Daten, die wir auf Grundlage Ihrer Einwilligung oder in Erf\u00fcllung eines Vertrags automatisiert verarbeiten, an sich oder an einen Dritten in einem g\u00e4ngigen, maschinenlesbaren Format aush\u00e4ndigen zu lassen. Sofern Sie die direkte \u00dcbertragung der Daten an einen anderen Verantwortlichen verlangen, erfolgt dies nur, soweit es technisch machbar ist.<\/p><h3>Auskunft, L\u00f6schung und Berichtigung<\/h3><p>Sie haben im Rahmen der geltenden gesetzlichen Bestimmungen jederzeit das Recht auf unentgeltliche Auskunft \u00fcber Ihre gespeicherten personenbezogenen Daten, deren Herkunft und Empf\u00e4nger und den Zweck der Datenverarbeitung und ggf. ein Recht auf Berichtigung oder L\u00f6schung dieser Daten. Hierzu sowie zu weiteren Fragen zum Thema personenbezogene Daten k\u00f6nnen Sie sich jederzeit an uns wenden.<\/p><h3>Recht auf Einschr\u00e4nkung der Verarbeitung<\/h3><p>Sie haben das Recht, die Einschr\u00e4nkung der Verarbeitung Ihrer personenbezogenen Daten zu verlangen. Hierzu k\u00f6nnen Sie sich jederzeit an uns wenden. Das Recht auf Einschr\u00e4nkung der Verarbeitung besteht in folgenden F\u00e4llen:<\/p><ul><li>Wenn Sie die Richtigkeit Ihrer bei uns gespeicherten personenbezogenen Daten bestreiten, ben\u00f6tigen wir in der Regel Zeit, um dies zu \u00fcberpr\u00fcfen. F\u00fcr die Dauer der Pr\u00fcfung haben Sie das Recht, die Einschr\u00e4nkung der Verarbeitung Ihrer personenbezogenen Daten zu verlangen.<\/li><li>Wenn die Verarbeitung Ihrer personenbezogenen Daten unrechtm\u00e4\u00dfig geschah\/geschieht, k\u00f6nnen Sie statt der L\u00f6schung die Einschr\u00e4nkung der Datenverarbeitung verlangen.<\/li><li>Wenn wir Ihre personenbezogenen Daten nicht mehr ben\u00f6tigen, Sie sie jedoch zur Aus\u00fcbung, Verteidigung oder Geltendmachung von Rechtsanspr\u00fcchen ben\u00f6tigen, haben Sie das Recht, statt der L\u00f6schung die Einschr\u00e4nkung der Verarbeitung Ihrer personenbezogenen Daten zu verlangen.<\/li><li>Wenn Sie einen Widerspruch nach Art. 21 Abs. 1 DSGVO eingelegt haben, muss eine Abw\u00e4gung zwischen Ihren und unseren Interessen vorgenommen werden. Solange noch nicht feststeht, wessen Interessen \u00fcberwiegen, haben Sie das Recht, die Einschr\u00e4nkung der Verarbeitung Ihrer personenbezogenen Daten zu verlangen.<\/li><\/ul><p>Wenn Sie die Verarbeitung Ihrer personenbezogenen Daten eingeschr\u00e4nkt haben, d\u00fcrfen diese Daten \u2013 von ihrer Speicherung abgesehen \u2013 nur mit Ihrer Einwilligung oder zur Geltendmachung, Aus\u00fcbung oder Verteidigung von Rechtsanspr\u00fcchen oder zum Schutz der Rechte einer anderen nat\u00fcrlichen oder juristischen Person oder aus Gr\u00fcnden eines wichtigen \u00f6ffentlichen Interesses der Europ\u00e4ischen Union oder eines Mitgliedstaats verarbeitet werden.<\/p><h3>SSL- bzw. TLS-Verschl\u00fcsselung<\/h3><p>Diese Seite nutzt aus Sicherheitsgr\u00fcnden und zum Schutz der \u00dcbertragung vertraulicher Inhalte, wie zum Beispiel Bestellungen oder Anfragen, die Sie an uns als Seitenbetreiber senden, eine SSL- bzw. TLS-Verschl\u00fcsselung. Eine verschl\u00fcsselte Verbindung erkennen Sie daran, dass die Adresszeile des Browsers von \u201ehttp:\/\/\u201c auf \u201ehttps:\/\/\u201c wechselt und an dem Schloss-Symbol in Ihrer Browserzeile.<\/p><p>Wenn die SSL- bzw. TLS-Verschl\u00fcsselung aktiviert ist, k\u00f6nnen die Daten, die Sie an uns \u00fcbermitteln, nicht von Dritten mitgelesen werden.<\/p><h2><strong>4<\/strong><b>. Datenerfassung auf dieser Website<\/b><\/h2><h3>Cookies<\/h3><p>Unsere Internetseiten verwenden so genannte \u201eCookies\u201c. Cookies sind kleine Datenpakete und richten auf Ihrem Endger\u00e4t keinen Schaden an. Sie werden entweder vor\u00fcbergehend f\u00fcr die Dauer einer Sitzung (Session-Cookies) oder dauerhaft (permanente Cookies) auf Ihrem Endger\u00e4t gespeichert. Session-Cookies werden nach Ende Ihres Besuchs automatisch gel\u00f6scht. Permanente Cookies bleiben auf Ihrem Endger\u00e4t gespeichert, bis Sie diese selbst l\u00f6schen oder eine automatische L\u00f6schung durch Ihren Webbrowser erfolgt.<\/p><p>Cookies k\u00f6nnen von uns (First-Party-Cookies) oder von Drittunternehmen stammen (sog. Third-Party-Cookies). Third-Party-Cookies erm\u00f6glichen die Einbindung bestimmter Dienstleistungen von Drittunternehmen innerhalb von Webseiten (z.\u00a0B. Cookies zur Abwicklung von Zahlungsdienstleistungen).<\/p><p>Cookies haben verschiedene Funktionen. Zahlreiche Cookies sind technisch notwendig, da bestimmte Webseitenfunktionen ohne diese nicht funktionieren w\u00fcrden (z.\u00a0B. die Warenkorbfunktion oder die Anzeige von Videos). Andere Cookies k\u00f6nnen zur Auswertung des Nutzerverhaltens oder zu Werbezwecken verwendet werden.<\/p><p>Cookies, die zur Durchf\u00fchrung des elektronischen Kommunikationsvorgangs, zur Bereitstellung bestimmter, von Ihnen erw\u00fcnschter Funktionen (z.\u00a0B. f\u00fcr die Warenkorbfunktion) oder zur Optimierung der Website (z.\u00a0B. Cookies zur Messung des Webpublikums) erforderlich sind (notwendige Cookies), werden auf Grundlage von Art. 6 Abs. 1 lit. f DSGVO gespeichert, sofern keine andere Rechtsgrundlage angegeben wird. Der Websitebetreiber hat ein berechtigtes Interesse an der Speicherung von notwendigen Cookies zur technisch fehlerfreien und optimierten Bereitstellung seiner Dienste. Sofern eine Einwilligung zur Speicherung von Cookies und vergleichbaren Wiedererkennungstechnologien abgefragt wurde, erfolgt die Verarbeitung ausschlie\u00dflich auf Grundlage dieser Einwilligung (Art. 6 Abs. 1 lit. a DSGVO und \u00a7 25 Abs. 1 TTDSG); die Einwilligung ist jederzeit widerrufbar.<\/p><p>Sie k\u00f6nnen Ihren Browser so einstellen, dass Sie \u00fcber das Setzen von Cookies informiert werden und Cookies nur im Einzelfall erlauben, die Annahme von Cookies f\u00fcr bestimmte F\u00e4lle oder generell ausschlie\u00dfen sowie das automatische L\u00f6schen der Cookies beim Schlie\u00dfen des Browsers aktivieren. Bei der Deaktivierung von Cookies kann die Funktionalit\u00e4t dieser Website eingeschr\u00e4nkt sein.<\/p><p>Welche Cookies und Dienste auf dieser Website eingesetzt werden, k\u00f6nnen Sie dieser Datenschutzerkl\u00e4rung entnehmen.<\/p><h4>Cookie-Einwilligung mit Complianz<\/h4><p>Unsere Webseite verwendet die Cookie-Consent-Technologie von Complianz GDPR\/CCPA Cookie Consent, um Ihre Zustimmung zur Speicherung spezifischer Cookies auf Ihrem Browser zu erhalten und entsprechend den Datenschutzrichtlinien zu protokollieren. Diese Technologie wird bereitgestellt von Complianz B.V., Atoomweg 6b, 9743 AK Groningen, Niederlande (nachfolgend als Complianz bezeichnet).<br \/>Beim Besuch unserer Webseite wird ein Cookie von Complianz in Ihrem Browser platziert, welches Ihre erteilten Einwilligungen oder deren Widerruf festh\u00e4lt.<\/p><p>Die gesammelten Daten verbleiben gespeichert, bis Sie uns um Entfernung bitten, das Complianz-Cookie eigenst\u00e4ndig l\u00f6schen oder kein Bedarf mehr zur Speicherung der Daten besteht. Unber\u00fchrt davon sind eventuell bestehende gesetzliche Aufbewahrungsfristen. Einzelheiten zur Verarbeitung Ihrer Daten durch Complianz k\u00f6nnen Sie unter https:\/\/complianz.io\/privacy-statement einsehen.<\/p><p>Diese Complianz-Cookie-Consent-Technologie wird eingesetzt, um die gesetzlich erforderlichen Zustimmungen f\u00fcr die Verwendung von Cookies zu erhalten. Die rechtliche Grundlage hierf\u00fcr bildet Art. 6 Abs. 1 S. 1 lit. c DSGVO.<\/p><p>F\u00fcr weitere Informationen besuchen Sie bitte https:\/\/www.tangothek.de\/cookie-richtlinie-eu\/.<\/p><h3>Server-Log-Dateien<\/h3><p>Der Provider der Seiten erhebt und speichert automatisch Informationen in so genannten Server-Log-Dateien, die Ihr Browser automatisch an uns \u00fcbermittelt. Dies sind:<\/p><ul><li>Browsertyp und Browserversion<\/li><li>verwendetes Betriebssystem<\/li><li>Referrer URL<\/li><li>Hostname des zugreifenden Rechners<\/li><li>Uhrzeit der Serveranfrage<\/li><li>IP-Adresse<\/li><\/ul><p>Eine Zusammenf\u00fchrung dieser Daten mit anderen Datenquellen wird nicht vorgenommen.<\/p><p>Die Erfassung dieser Daten erfolgt auf Grundlage von Art. 6 Abs. 1 lit. f DSGVO. Der Websitebetreiber hat ein berechtigtes Interesse an der technisch fehlerfreien Darstellung und der Optimierung seiner Website \u2013 hierzu m\u00fcssen die Server-Log-Files erfasst werden.<\/p><h3>Anfrage per E-Mail, Telefon oder Telefax<\/h3><p>Wenn Sie uns per E-Mail, Telefon oder Telefax kontaktieren, wird Ihre Anfrage inklusive aller daraus hervorgehenden personenbezogenen Daten (Name, Anfrage) zum Zwecke der Bearbeitung Ihres Anliegens bei uns gespeichert und verarbeitet. Diese Daten geben wir nicht ohne Ihre Einwilligung weiter.<\/p><p>Die Verarbeitung dieser Daten erfolgt auf Grundlage von Art. 6 Abs. 1 lit. b DSGVO, sofern Ihre Anfrage mit der Erf\u00fcllung eines Vertrags zusammenh\u00e4ngt oder zur Durchf\u00fchrung vorvertraglicher Ma\u00dfnahmen erforderlich ist. In allen \u00fcbrigen F\u00e4llen beruht die Verarbeitung auf unserem berechtigten Interesse an der effektiven Bearbeitung der an uns gerichteten Anfragen (Art. 6 Abs. 1 lit. f DSGVO) oder auf Ihrer Einwilligung (Art. 6 Abs. 1 lit. a DSGVO) sofern diese abgefragt wurde; die Einwilligung ist jederzeit widerrufbar.<\/p><p>Die von Ihnen an uns per Kontaktanfragen \u00fcbersandten Daten verbleiben bei uns, bis Sie uns zur L\u00f6schung auffordern, Ihre Einwilligung zur Speicherung widerrufen oder der Zweck f\u00fcr die Datenspeicherung entf\u00e4llt (z.\u00a0B. nach abgeschlossener Bearbeitung Ihres Anliegens). Zwingende gesetzliche Bestimmungen \u2013 insbesondere gesetzliche Aufbewahrungsfristen \u2013 bleiben unber\u00fchrt.<\/p><h3>Anfrage per WhatsApp<\/h3><p>Wir bieten Ihnen die M\u00f6glichkeit, mit uns \u00fcber WhatsApp zu interagieren, um Ihre Anfragen zu \u00fcbermitteln und Antworten zu erhalten. Dieser Dienst wird von WhatsApp Ireland Limited mit Sitz in 4 Grand Canal Square, Grand Canal Harbour, Dublin 2, Irland (&#8220;WhatsApp&#8221;) angeboten, das unter der Muttergesellschaft Facebook operiert. Wenn Sie sich daf\u00fcr entscheiden, mit uns \u00fcber WhatsApp zu kommunizieren, werden Ihre Telefonnummer und die Tatsache, dass Sie sich an uns gewandt haben, sowohl an uns als auch an WhatsApp weitergegeben.<\/p><p>Diese Informationen werden an die Server von Facebook in den Vereinigten Staaten \u00fcbermittelt und dort sowohl von WhatsApp als auch von Facebook im Einklang mit den Datenschutzbestimmungen von WhatsApp verarbeitet. Dies schlie\u00dft die Verwendung f\u00fcr interne Zwecke, wie die Verbesserung von Diensten, ein. Es ist wichtig zu wissen, dass WhatsApp auf die im Adressbuch des Ger\u00e4ts gespeicherten Kontaktinformationen zugreifen und diese nutzen kann. Ausf\u00fchrliche Informationen dar\u00fcber, wie WhatsApp und Facebook diese Daten erheben, nutzen und verwalten, einschlie\u00dflich Ihrer Rechte und M\u00f6glichkeiten zum Schutz Ihrer Privatsph\u00e4re, finden Sie in der Datenschutzrichtlinie von WhatsApp unter: https:\/\/www.whatsapp.com\/legal\/#privacy-policy.<\/p><p>Bei der Bearbeitung Ihrer Anfrage erfassen und verarbeiten wir Ihren Namen, Ihre Telefonnummer, alle zus\u00e4tzlichen Informationen, die Sie uns zur Verf\u00fcgung stellen, und die Einzelheiten Ihrer Anfrage. Dies geschieht, um Ihre Anfragen angemessen bearbeiten und beantworten zu k\u00f6nnen.<\/p><p>Die Rechtsgrundlage f\u00fcr die Verarbeitung dieser Daten und ihre Weitergabe an WhatsApp ist Artikel 6 Absatz 1 Buchstabe b der Datenschutz-Grundverordnung, wenn sich Ihre Anfrage auf eine vertragliche Beziehung mit uns bezieht oder darauf abzielt, eine solche zu begr\u00fcnden. F\u00fcr andere Arten von Anfragen ist die Verarbeitung gem\u00e4\u00df Artikel 6 Absatz 1 Buchstabe f der DSGVO gerechtfertigt, was unser berechtigtes Interesse an der effektiven Verwaltung Ihrer Anfragen widerspiegelt. Wir stellen sicher, dass Ihre Interessen ber\u00fccksichtigt werden, indem wir WhatsApp-Kommunikation nur als eine von mehreren M\u00f6glichkeiten anbieten. Sie k\u00f6nnen uns auch gerne \u00fcber andere Methoden erreichen, wie z. B. per Telefon, E-Mail oder \u00fcber das Kontaktformular auf unserer Website, wie bereits erw\u00e4hnt.<\/p><h2><strong>5<\/strong><b>. Analyse-Tools und Werbung<\/b><\/h2><h3>WP Statistics<\/h3><p>Diese Website nutzt das Analysetool WP Statistics, um Besucherzugriffe statistisch auszuwerten. Anbieter ist Veronalabs, Tatari 64, 10134, Tallinn, Estland (<a href=\"https:\/\/veronalabs.com\" target=\"_blank\" rel=\"noopener noreferrer\">https:\/\/veronalabs.com<\/a>).<\/p><p>Mit WP Statistics k\u00f6nnen wir die Nutzung unserer Website analysieren. WP Statistics erfasst dabei u.\u00a0a. Logdateien (IP-Adresse, Referrer, verwendete Browser, Herkunft des Nutzers, verwendete Suchmaschine) und Aktionen, die die Websitebesucher auf der Seite get\u00e4tigt haben (z.\u00a0B. Klicks und Ansichten).<\/p><p>Die mit WP Statistics erfassten Daten werden ausschlie\u00dflich auf unserem eigenen Server gespeichert.<\/p><p>Die Nutzung dieses Analyse-Tools erfolgt auf Grundlage von Art. 6 Abs. 1 lit. f DSGVO. Wir haben ein berechtigtes Interesse an der anonymisierten Analyse des Nutzerverhaltens, um sowohl unser Webangebot als auch unsere Werbung zu optimieren. Sofern eine entsprechende Einwilligung abgefragt wurde, erfolgt die Verarbeitung ausschlie\u00dflich auf Grundlage von Art. 6 Abs. 1 lit. a DSGVO und \u00a7 25 Abs. 1 TTDSG, soweit die Einwilligung die Speicherung von Cookies oder den Zugriff auf Informationen im Endger\u00e4t des Nutzers (z.\u00a0B. Device-Fingerprinting) im Sinne des TTDSG umfasst. Die Einwilligung ist jederzeit widerrufbar.\u00a0Wir verwenden WP Statistics mit anonymisierter IP. Ihre IP-Adresse wird dabei gek\u00fcrzt, sodass diese Ihnen nicht mehr direkt zugeordnet werden kann.<\/p><h2><b>6. Datenschutzhinweise f\u00fcr Online-Meetings, Telefonkonferenzen und Webinare via Zoom<\/b><\/h2><h4>Datenverarbeitung<\/h4><p>Wir nutzen verschiedene Online-Konferenz-Tools, um mit unseren Kunden zu kommunizieren. Die spezifischen Tools, die wir verwenden, sind weiter unten aufgef\u00fchrt. Ihre personenbezogenen Daten werden von uns und dem Anbieter des jeweiligen Konferenz-Tools verarbeitet, wenn Sie \u00fcber Video- oder Audiokonferenzen im Internet mit uns in Kontakt treten.<\/p><p>Diese Tools sammeln die Daten, die Sie zur Nutzung bereitstellen (z.B. E-Mail-Adresse und\/oder Telefonnummer). Zudem erfassen die Tools Informationen wie die Dauer der Konferenz, den Zeitpunkt des Beitritts und Verlassens, die Anzahl der Teilnehmer und weitere Kontextinformationen im Rahmen des Kommunikationsprozesses (Metadaten).<\/p><p>Au\u00dferdem sammelt der Tool-Anbieter technische Daten, die f\u00fcr die Online-Kommunikation notwendig sind. Dazu geh\u00f6ren IP-Adressen, MAC-Adressen, Ger\u00e4te-IDs, Typ und Version des Betriebssystems, Kamera-, Mikrofon- oder Lautsprechertyp sowie die Verbindungsart.<\/p><p>Inhalte, die innerhalb des Tools ausgetauscht, hochgeladen oder auf andere Weise bereitgestellt werden, wie Cloud-Aufzeichnungen, Chat- bzw. Sofortnachrichten, Voicemails, Fotos, Videos, Dateien, Whiteboards und andere w\u00e4hrend der Nutzung des Dienstes geteilte Informationen, werden ebenfalls auf den Servern der Tool-Anbieter gespeichert.<\/p><p>Wir weisen darauf hin, dass wir nicht \u00fcber vollst\u00e4ndige Kontrolle der Datenverarbeitungsprozesse der genutzten Tools verf\u00fcgen. Unsere Einflussm\u00f6glichkeiten sind durch die Gesch\u00e4ftspolitik des jeweiligen Anbieters bestimmt. Weitere Informationen zur Datenverarbeitung der Konferenztools entnehmen Sie bitte den Datenschutzerkl\u00e4rungen der eingesetzten Tools, die unter diesem Text aufgef\u00fchrt sind.<\/p><h4>Zweck und Rechtsgrundlagen<\/h4><p>Die Einsatz der Konferenz-Tools erfolgt zur Kommunikation mit potenziellen oder bestehenden Gesch\u00e4ftspartnern oder zur Erbringung bestimmter Dienstleistungen f\u00fcr unsere Kunden (Art. 6 Abs. 1 lit. b DSGVO). Der Einsatz dient zudem der Vereinfachung und Beschleunigung der Kommunikation mit uns bzw. unserem Unternehmen (Art. 6 Abs. 1 lit. f DSGVO). Bei Vorliegen einer Einwilligung beruht der Einsatz dieser Tools auf dieser Grundlage; eine erteilte Einwilligung kann jederzeit f\u00fcr die Zukunft widerrufen werden.<\/p><h4>Speicherdauer<\/h4><p>Die von uns \u00fcber die Video- und Konferenz-Tools erfassten Daten werden gel\u00f6scht, sobald Sie die L\u00f6schung verlangen, Ihre Einwilligung zur Speicherung widerrufen oder der Speicherzweck entf\u00e4llt. Auf Ihrem Endger\u00e4t gespeicherte Cookies verbleiben dort, bis Sie diese l\u00f6schen. Gesetzliche Aufbewahrungsfristen bleiben davon unber\u00fchrt.<\/p><p>Die Speicherdauer der Daten, die von den Betreibern der Konferenz-Tools zu eigenen Zwecken gespeichert werden, unterliegt nicht unserer Kontrolle. F\u00fcr genauere Informationen kontaktieren Sie bitte die Betreiber der jeweiligen Konferenz-Tools direkt.<\/p><h4>Eingesetzte Konferenz-Tools<\/h4><p>Folgende Konferenz-Tools setzen wir ein:<\/p><h4>Zoom<\/h4><p>Zoom ist das von uns genutzte Videokonferenz-Tool. Betrieben wird der Dienst von Zoom Communications Inc., San Jose, 55 Almaden Boulevard, 6th Floor, San Jose, CA 95113, USA. N\u00e4here Details zur Datenverarbeitung finden Sie in der Datenschutzerkl\u00e4rung von Zoom: https:\/\/zoom.us\/de-de\/privacy.html.<\/p><p>Die Daten\u00fcbertragung in die USA basiert auf den Standardvertragsklauseln der EU-Kommission. Weitere Informationen hierzu finden Sie unter: https:\/\/zoom.us\/de-de\/privacy.html.<\/p><h2><strong>7. Verarbeiten von Kunden- und Vertragsdaten<\/strong><\/h2><p>Zur Anbahnung, Durchf\u00fchrung und \u00c4nderung vertraglicher Beziehungen erheben, verarbeiten und nutzen wir personenbezogene Daten unserer Kunden und Vertragspartner. Daten \u00fcber die Nutzung dieser Webseite (Nutzungsdaten) werden von uns nur erhoben, verarbeitet und genutzt, soweit sie f\u00fcr die Bereitstellung oder Abrechnung des Dienstes notwendig sind. Die rechtliche Grundlage hierf\u00fcr ist Art. 6 Abs. 1 lit. b DSGVO.<\/p><p>Die gesammelten Kundendaten werden nach Beendigung des Auftrags oder der Gesch\u00e4ftsbeziehung und nach Ablauf der etwaigen gesetzlichen Aufbewahrungsfristen gel\u00f6scht. Gesetzliche Aufbewahrungsfristen bleiben hiervon unber\u00fchrt.<\/p><p>Grundlegende Quelle:<br \/><a href=\"https:\/\/www.e-recht24.de\/\">https:\/\/www.e-recht24.de.<\/a>\u00a0<br \/>Enth\u00e4lt eigene Erg\u00e4nzungen.\u00a0<\/p>\t\t\t\t\t\t\t\t<\/div>\n\t\t\t\t<\/div>\n\t\t\t\t\t<\/div>\n\t\t\t\t<\/div>\n\t\t\t\t<\/div>","protected":false},"excerpt":{"rendered":"<p>Privacy Policy 1. Data Protection at a Glance General information The following notes provide a simple overview of what happens to your personal data when you visit this website. Personal data is any data by which you can be personally identified. For detailed information on data protection, please refer to our data protection declaration listed [&hellip;]<\/p>\n","protected":false},"author":1,"featured_media":0,"parent":0,"menu_order":0,"comment_status":"closed","ping_status":"closed","template":"elementor_canvas","meta":{"footnotes":""},"class_list":["post-1060","page","type-page","status-publish","hentry"],"yoast_head":"<!-- This site is optimized with the Yoast SEO plugin v27.4 - https:\/\/yoast.com\/product\/yoast-seo-wordpress\/ -->\n<title>Privacy Policy - IIPK<\/title>\n<meta name=\"robots\" content=\"index, follow, max-snippet:-1, max-image-preview:large, max-video-preview:-1\" \/>\n<link rel=\"canonical\" href=\"https:\/\/interkulturelle-mediation.de\/de\/privacy-policy\/\" \/>\n<meta property=\"og:locale\" content=\"de_DE\" \/>\n<meta property=\"og:type\" content=\"article\" \/>\n<meta property=\"og:title\" content=\"Privacy Policy - IIPK\" \/>\n<meta property=\"og:description\" content=\"Privacy Policy 1. Data Protection at a Glance General information The following notes provide a simple overview of what happens to your personal data when you visit this website. Personal data is any data by which you can be personally identified. For detailed information on data protection, please refer to our data protection declaration listed [&hellip;]\" \/>\n<meta property=\"og:url\" content=\"https:\/\/interkulturelle-mediation.de\/de\/privacy-policy\/\" \/>\n<meta property=\"og:site_name\" content=\"IIPK\" \/>\n<meta property=\"article:modified_time\" content=\"2024-03-19T10:48:49+00:00\" \/>\n<meta name=\"twitter:card\" content=\"summary_large_image\" \/>\n<meta name=\"twitter:label1\" content=\"Gesch\u00e4tzte Lesezeit\" \/>\n\t<meta name=\"twitter:data1\" content=\"40\u00a0Minuten\" \/>\n<script type=\"application\/ld+json\" class=\"yoast-schema-graph\">{\"@context\":\"https:\\\/\\\/schema.org\",\"@graph\":[{\"@type\":\"WebPage\",\"@id\":\"https:\\\/\\\/interkulturelle-mediation.de\\\/privacy-policy\\\/\",\"url\":\"https:\\\/\\\/interkulturelle-mediation.de\\\/privacy-policy\\\/\",\"name\":\"Privacy Policy - IIPK\",\"isPartOf\":{\"@id\":\"https:\\\/\\\/interkulturelle-mediation.de\\\/#website\"},\"datePublished\":\"2023-07-21T21:02:10+00:00\",\"dateModified\":\"2024-03-19T10:48:49+00:00\",\"breadcrumb\":{\"@id\":\"https:\\\/\\\/interkulturelle-mediation.de\\\/privacy-policy\\\/#breadcrumb\"},\"inLanguage\":\"de\",\"potentialAction\":[{\"@type\":\"ReadAction\",\"target\":[\"https:\\\/\\\/interkulturelle-mediation.de\\\/privacy-policy\\\/\"]}]},{\"@type\":\"BreadcrumbList\",\"@id\":\"https:\\\/\\\/interkulturelle-mediation.de\\\/privacy-policy\\\/#breadcrumb\",\"itemListElement\":[{\"@type\":\"ListItem\",\"position\":1,\"name\":\"Startseite\",\"item\":\"https:\\\/\\\/interkulturelle-mediation.de\\\/\"},{\"@type\":\"ListItem\",\"position\":2,\"name\":\"Privacy Policy\"}]},{\"@type\":\"WebSite\",\"@id\":\"https:\\\/\\\/interkulturelle-mediation.de\\\/#website\",\"url\":\"https:\\\/\\\/interkulturelle-mediation.de\\\/\",\"name\":\"IIPK\",\"description\":\"Institut f\u00fcr Interkulturelle Praxis &amp; Konfliktmanagement\",\"publisher\":{\"@id\":\"https:\\\/\\\/interkulturelle-mediation.de\\\/#organization\"},\"potentialAction\":[{\"@type\":\"SearchAction\",\"target\":{\"@type\":\"EntryPoint\",\"urlTemplate\":\"https:\\\/\\\/interkulturelle-mediation.de\\\/?s={search_term_string}\"},\"query-input\":{\"@type\":\"PropertyValueSpecification\",\"valueRequired\":true,\"valueName\":\"search_term_string\"}}],\"inLanguage\":\"de\"},{\"@type\":\"Organization\",\"@id\":\"https:\\\/\\\/interkulturelle-mediation.de\\\/#organization\",\"name\":\"IIPK\",\"url\":\"https:\\\/\\\/interkulturelle-mediation.de\\\/\",\"logo\":{\"@type\":\"ImageObject\",\"inLanguage\":\"de\",\"@id\":\"https:\\\/\\\/interkulturelle-mediation.de\\\/#\\\/schema\\\/logo\\\/image\\\/\",\"url\":\"https:\\\/\\\/interkulturelle-mediation.de\\\/wp-content\\\/uploads\\\/2023\\\/06\\\/logo_IIPK.png\",\"contentUrl\":\"https:\\\/\\\/interkulturelle-mediation.de\\\/wp-content\\\/uploads\\\/2023\\\/06\\\/logo_IIPK.png\",\"width\":200,\"height\":200,\"caption\":\"IIPK\"},\"image\":{\"@id\":\"https:\\\/\\\/interkulturelle-mediation.de\\\/#\\\/schema\\\/logo\\\/image\\\/\"}}]}<\/script>\n<!-- \/ Yoast SEO plugin. -->","yoast_head_json":{"title":"Privacy Policy - IIPK","robots":{"index":"index","follow":"follow","max-snippet":"max-snippet:-1","max-image-preview":"max-image-preview:large","max-video-preview":"max-video-preview:-1"},"canonical":"https:\/\/interkulturelle-mediation.de\/de\/privacy-policy\/","og_locale":"de_DE","og_type":"article","og_title":"Privacy Policy - IIPK","og_description":"Privacy Policy 1. Data Protection at a Glance General information The following notes provide a simple overview of what happens to your personal data when you visit this website. Personal data is any data by which you can be personally identified. For detailed information on data protection, please refer to our data protection declaration listed [&hellip;]","og_url":"https:\/\/interkulturelle-mediation.de\/de\/privacy-policy\/","og_site_name":"IIPK","article_modified_time":"2024-03-19T10:48:49+00:00","twitter_card":"summary_large_image","twitter_misc":{"Gesch\u00e4tzte Lesezeit":"40\u00a0Minuten"},"schema":{"@context":"https:\/\/schema.org","@graph":[{"@type":"WebPage","@id":"https:\/\/interkulturelle-mediation.de\/privacy-policy\/","url":"https:\/\/interkulturelle-mediation.de\/privacy-policy\/","name":"Privacy Policy - IIPK","isPartOf":{"@id":"https:\/\/interkulturelle-mediation.de\/#website"},"datePublished":"2023-07-21T21:02:10+00:00","dateModified":"2024-03-19T10:48:49+00:00","breadcrumb":{"@id":"https:\/\/interkulturelle-mediation.de\/privacy-policy\/#breadcrumb"},"inLanguage":"de","potentialAction":[{"@type":"ReadAction","target":["https:\/\/interkulturelle-mediation.de\/privacy-policy\/"]}]},{"@type":"BreadcrumbList","@id":"https:\/\/interkulturelle-mediation.de\/privacy-policy\/#breadcrumb","itemListElement":[{"@type":"ListItem","position":1,"name":"Startseite","item":"https:\/\/interkulturelle-mediation.de\/"},{"@type":"ListItem","position":2,"name":"Privacy Policy"}]},{"@type":"WebSite","@id":"https:\/\/interkulturelle-mediation.de\/#website","url":"https:\/\/interkulturelle-mediation.de\/","name":"IIPK","description":"Institut f\u00fcr Interkulturelle Praxis &amp; Konfliktmanagement","publisher":{"@id":"https:\/\/interkulturelle-mediation.de\/#organization"},"potentialAction":[{"@type":"SearchAction","target":{"@type":"EntryPoint","urlTemplate":"https:\/\/interkulturelle-mediation.de\/?s={search_term_string}"},"query-input":{"@type":"PropertyValueSpecification","valueRequired":true,"valueName":"search_term_string"}}],"inLanguage":"de"},{"@type":"Organization","@id":"https:\/\/interkulturelle-mediation.de\/#organization","name":"IIPK","url":"https:\/\/interkulturelle-mediation.de\/","logo":{"@type":"ImageObject","inLanguage":"de","@id":"https:\/\/interkulturelle-mediation.de\/#\/schema\/logo\/image\/","url":"https:\/\/interkulturelle-mediation.de\/wp-content\/uploads\/2023\/06\/logo_IIPK.png","contentUrl":"https:\/\/interkulturelle-mediation.de\/wp-content\/uploads\/2023\/06\/logo_IIPK.png","width":200,"height":200,"caption":"IIPK"},"image":{"@id":"https:\/\/interkulturelle-mediation.de\/#\/schema\/logo\/image\/"}}]}},"_links":{"self":[{"href":"https:\/\/interkulturelle-mediation.de\/de\/wp-json\/wp\/v2\/pages\/1060","targetHints":{"allow":["GET"]}}],"collection":[{"href":"https:\/\/interkulturelle-mediation.de\/de\/wp-json\/wp\/v2\/pages"}],"about":[{"href":"https:\/\/interkulturelle-mediation.de\/de\/wp-json\/wp\/v2\/types\/page"}],"author":[{"embeddable":true,"href":"https:\/\/interkulturelle-mediation.de\/de\/wp-json\/wp\/v2\/users\/1"}],"replies":[{"embeddable":true,"href":"https:\/\/interkulturelle-mediation.de\/de\/wp-json\/wp\/v2\/comments?post=1060"}],"version-history":[{"count":73,"href":"https:\/\/interkulturelle-mediation.de\/de\/wp-json\/wp\/v2\/pages\/1060\/revisions"}],"predecessor-version":[{"id":2122,"href":"https:\/\/interkulturelle-mediation.de\/de\/wp-json\/wp\/v2\/pages\/1060\/revisions\/2122"}],"wp:attachment":[{"href":"https:\/\/interkulturelle-mediation.de\/de\/wp-json\/wp\/v2\/media?parent=1060"}],"curies":[{"name":"wp","href":"https:\/\/api.w.org\/{rel}","templated":true}]}}